{"version":"1.0","provider_name":"Gerama","provider_url":"https:\/\/gerama.ch\/de\/","author_name":"Script Import Locations IDX","author_url":"https:\/\/gerama.ch\/de\/author\/immomig-gerama-03\/","title":"Moderne Gewerbefl\u00e4che 137 m2 &#8211; MIETEN Gewerbe\/B\u00fcros &#8211; D\u00fcdingen &#8211; Freiburg &#8211; Gerama","type":"rich","width":600,"height":338,"html":"<blockquote class=\"wp-embedded-content\" data-secret=\"xJxJzqaazz\"><a href=\"https:\/\/gerama.ch\/de\/estate_property-de\/01-001087-011001-de\/\">Moderne Gewerbefl\u00e4che 137 m2<\/a><\/blockquote><iframe sandbox=\"allow-scripts\" security=\"restricted\" src=\"https:\/\/gerama.ch\/de\/estate_property-de\/01-001087-011001-de\/embed\/#?secret=xJxJzqaazz\" width=\"600\" height=\"338\" title=\"&#8222;Moderne Gewerbefl\u00e4che 137 m2&#8220; &#8211; Gerama\" data-secret=\"xJxJzqaazz\" frameborder=\"0\" marginwidth=\"0\" marginheight=\"0\" scrolling=\"no\" class=\"wp-embedded-content\"><\/iframe><script type=\"text\/javascript\">\n\/* <![CDATA[ *\/\n\/*! This file is auto-generated *\/\n!function(d,l){\"use strict\";l.querySelector&&d.addEventListener&&\"undefined\"!=typeof URL&&(d.wp=d.wp||{},d.wp.receiveEmbedMessage||(d.wp.receiveEmbedMessage=function(e){var t=e.data;if((t||t.secret||t.message||t.value)&&!\/[^a-zA-Z0-9]\/.test(t.secret)){for(var s,r,n,a=l.querySelectorAll('iframe[data-secret=\"'+t.secret+'\"]'),o=l.querySelectorAll('blockquote[data-secret=\"'+t.secret+'\"]'),c=new RegExp(\"^https?:$\",\"i\"),i=0;i<o.length;i++)o[i].style.display=\"none\";for(i=0;i<a.length;i++)s=a[i],e.source===s.contentWindow&&(s.removeAttribute(\"style\"),\"height\"===t.message?(1e3<(r=parseInt(t.value,10))?r=1e3:~~r<200&&(r=200),s.height=r):\"link\"===t.message&&(r=new URL(s.getAttribute(\"src\")),n=new URL(t.value),c.test(n.protocol))&&n.host===r.host&&l.activeElement===s&&(d.top.location.href=t.value))}},d.addEventListener(\"message\",d.wp.receiveEmbedMessage,!1),l.addEventListener(\"DOMContentLoaded\",function(){for(var e,t,s=l.querySelectorAll(\"iframe.wp-embedded-content\"),r=0;r<s.length;r++)(t=(e=s[r]).getAttribute(\"data-secret\"))||(t=Math.random().toString(36).substring(2,12),e.src+=\"#?secret=\"+t,e.setAttribute(\"data-secret\",t)),e.contentWindow.postMessage({message:\"ready\",secret:t},\"*\")},!1)))}(window,document);\n\/\/# sourceURL=https:\/\/gerama.ch\/wp-includes\/js\/wp-embed.min.js\n\/* ]]> *\/\n<\/script>\n","thumbnail_url":"https:\/\/gerama.ch\/wp-content\/uploads\/2025\/09\/ff0000000021383549-768x510.jpg","thumbnail_width":600,"thumbnail_height":398,"description":"Zu vermieten per 01.05.2026: Moderne und vielseitige Gewerbefl\u00e4che von 137 m\u00b2 im Erdgeschoss an der Birchstrasse in Guin. Die Fl\u00e4che befindet sich in einem zeitgem\u00e4ssen Gesch\u00e4ftsgeb\u00e4ude, nur 500 m vom Autobahnanschluss A12 entfernt. Besucherparkpl\u00e4tze stehen direkt vor der Liegenschaft zur Verf\u00fcgung. Die Gewerbefl\u00e4che bietet folgende Ausstattung: \u2022 Grossz\u00fcgige Fensterfront \u00fcber die gesamte Ladenfl\u00e4che \u2022 Zugangskontrolle mittels Badgesystem \u2022 Gemeinschaftliche Sanit\u00e4ranlagen und Technikraum pro Etage ..."}