{"version":"1.0","provider_name":"Gerama","provider_url":"https:\/\/gerama.ch\/de\/","author_name":"Script Import Locations IDX","author_url":"https:\/\/gerama.ch\/de\/author\/immomig-gerama-03\/","title":"A saisir 2.5 pi\u00e8ces proche des commodit\u00e9s &#8211; MIETEN Wohnungen &#8211; Villars-sur-Gl\u00e2ne &#8211; Freiburg &#8211; Gerama","type":"rich","width":600,"height":338,"html":"<blockquote class=\"wp-embedded-content\" data-secret=\"pU0klAGCEd\"><a href=\"https:\/\/gerama.ch\/de\/estate_property-de\/01-001340-011601-de\/\">A saisir 2.5 pi\u00e8ces proche des commodit\u00e9s<\/a><\/blockquote><iframe sandbox=\"allow-scripts\" security=\"restricted\" src=\"https:\/\/gerama.ch\/de\/estate_property-de\/01-001340-011601-de\/embed\/#?secret=pU0klAGCEd\" width=\"600\" height=\"338\" title=\"&#8222;A saisir 2.5 pi\u00e8ces proche des commodit\u00e9s&#8220; &#8211; Gerama\" data-secret=\"pU0klAGCEd\" frameborder=\"0\" marginwidth=\"0\" marginheight=\"0\" scrolling=\"no\" class=\"wp-embedded-content\"><\/iframe><script type=\"text\/javascript\">\n\/* <![CDATA[ *\/\n\/*! This file is auto-generated *\/\n!function(d,l){\"use strict\";l.querySelector&&d.addEventListener&&\"undefined\"!=typeof URL&&(d.wp=d.wp||{},d.wp.receiveEmbedMessage||(d.wp.receiveEmbedMessage=function(e){var t=e.data;if((t||t.secret||t.message||t.value)&&!\/[^a-zA-Z0-9]\/.test(t.secret)){for(var s,r,n,a=l.querySelectorAll('iframe[data-secret=\"'+t.secret+'\"]'),o=l.querySelectorAll('blockquote[data-secret=\"'+t.secret+'\"]'),c=new RegExp(\"^https?:$\",\"i\"),i=0;i<o.length;i++)o[i].style.display=\"none\";for(i=0;i<a.length;i++)s=a[i],e.source===s.contentWindow&&(s.removeAttribute(\"style\"),\"height\"===t.message?(1e3<(r=parseInt(t.value,10))?r=1e3:~~r<200&&(r=200),s.height=r):\"link\"===t.message&&(r=new URL(s.getAttribute(\"src\")),n=new URL(t.value),c.test(n.protocol))&&n.host===r.host&&l.activeElement===s&&(d.top.location.href=t.value))}},d.addEventListener(\"message\",d.wp.receiveEmbedMessage,!1),l.addEventListener(\"DOMContentLoaded\",function(){for(var e,t,s=l.querySelectorAll(\"iframe.wp-embedded-content\"),r=0;r<s.length;r++)(t=(e=s[r]).getAttribute(\"data-secret\"))||(t=Math.random().toString(36).substring(2,12),e.src+=\"#?secret=\"+t,e.setAttribute(\"data-secret\",t)),e.contentWindow.postMessage({message:\"ready\",secret:t},\"*\")},!1)))}(window,document);\n\/\/# sourceURL=https:\/\/gerama.ch\/wp-includes\/js\/wp-embed.min.js\n\/* ]]> *\/\n<\/script>\n","thumbnail_url":"https:\/\/gerama.ch\/wp-content\/uploads\/2026\/05\/ff0000000035535035-768x576.jpg","thumbnail_width":600,"thumbnail_height":450,"description":"L&#8217;immeuble se situe \u00e0 la Route de Villars-Vert 34 \u00e0 Villars-sur-Gl\u00e2ne et est proche de toutes commodit\u00e9s. Dans le logement vous trouverez: Hall d&#8217;entr\u00e9e avec armoires murales Cuisine agenc\u00e9e Salon Chambre parquet Salle de bains et WC Balcon Die Liegenschaft befindet sich in der N\u00e4he der Bushaltestelle, vom Autobahnanschluss und Einkaufszentren. Das Stadtzentrum errichen Sie innert 3 Fahrminuten. In der Wohnung finden Sie Eingangsbereich ..."}