{"id":1301310,"date":"2025-09-20T02:51:06","date_gmt":"2025-09-20T00:51:06","guid":{"rendered":"https:\/\/gerama.ch\/estate_property\/01-001087-011001-de\/"},"modified":"2025-09-20T02:51:06","modified_gmt":"2025-09-20T00:51:06","slug":"01-001087-011001-de","status":"publish","type":"estate_property","link":"https:\/\/gerama.ch\/de\/estate_property-de\/01-001087-011001-de\/","title":{"rendered":"Moderne Gewerbefl\u00e4che 137 m2"},"content":{"rendered":"<p>Zu vermieten per 01.05.2026: Moderne und vielseitige Gewerbefl\u00e4che von 137 m\u00b2 im Erdgeschoss an der Birchstrasse in Guin. Die Fl\u00e4che befindet sich in einem zeitgem\u00e4ssen Gesch\u00e4ftsgeb\u00e4ude, nur 500 m vom Autobahnanschluss A12 entfernt. Besucherparkpl\u00e4tze stehen direkt vor der Liegenschaft zur Verf\u00fcgung. <\/p>\n<p> Die Gewerbefl\u00e4che bietet folgende Ausstattung: <\/p>\n<p> \u2022 Grossz\u00fcgige Fensterfront \u00fcber die gesamte Ladenfl\u00e4che<br \/> \u2022 Zugangskontrolle mittels Badgesystem<br \/> \u2022 Gemeinschaftliche Sanit\u00e4ranlagen und Technikraum pro Etage<br \/> \u2022 Gemeinschaftlicher Pausenraum sowie Dachterrasse<br \/> \u2022 Mitarbeiterparkpl\u00e4tze f\u00fcr CHF 50.\u2013\/Monat<br \/> \u2022 Besucherparkpl\u00e4tze vor dem Geb\u00e4ude<\/p>\n<p> Die Fl\u00e4che wird im Rohbauzustand vermietet. Es besteht jedoch die M\u00f6glichkeit, die bestehende K\u00fcche vom Vormieter zu \u00fcbernehmen (Preis nach Vereinbarung).<\/p>\n<p> Eine Besichtigung vor Ort lohnt sich auf jeden Fall!<\/p>\n<p> \u00c0 louer d\u00e8s le 01.05.2026 : belle surface commerciale moderne de 137 m\u00b2 au rez-de-chauss\u00e9e de la Birchstrasse \u00e0 Guin. Le bien est situ\u00e9 dans un immeuble contemporain, \u00e0 seulement 500 m de la sortie d\u2019autoroute A12. Des places visiteurs sont disponibles devant le b\u00e2timent. <\/p>\n<p> La surface offre les \u00e9quipements suivants :<\/p>\n<p> \u2022 Grande vitrine sur toute la fa\u00e7ade<br \/> \u2022 Contr\u00f4le d\u2019acc\u00e8s par badge<br \/> \u2022 Sanitaires et local technique communs \u00e0 chaque \u00e9tage<br \/> \u2022 Salle de pause et terrasse sur le toit \u00e0 usage commun<br \/> \u2022 Places de parking pour les employ\u00e9s \u00e0 CHF 50.\u2013\/mois<br \/> \u2022 Places visiteurs \u00e0 disposition devant le b\u00e2timent<\/p>\n<p> La surface est normalement livr\u00e9e brute, mais il est possible de reprendre la cuisine existante aupr\u00e8s de l\u2019ancien locataire (prix \u00e0 discuter).<\/p>\n<p> Une visite s\u2019impose !<\/p>\n","protected":false},"excerpt":{"rendered":"<p>Zu vermieten per 01.05.2026: Moderne und vielseitige Gewerbefl\u00e4che von 137 m\u00b2 im Erdgeschoss an der Birchstrasse in Guin. Die Fl\u00e4che befindet sich in einem zeitgem\u00e4ssen Gesch\u00e4ftsgeb\u00e4ude, nur 500 m vom Autobahnanschluss A12 entfernt. Besucherparkpl\u00e4tze stehen direkt vor der Liegenschaft zur Verf\u00fcgung. Die Gewerbefl\u00e4che bietet folgende Ausstattung: \u2022 Grossz\u00fcgige Fensterfront \u00fcber die gesamte Ladenfl\u00e4che \u2022 Zugangskontrolle mittels Badgesystem \u2022 Gemeinschaftliche Sanit\u00e4ranlagen und Technikraum pro Etage &#8230;<\/p>\n","protected":false},"featured_media":1301311,"comment_status":"closed","ping_status":"closed","template":"","property_category":[252],"property_action_category":[244],"property_city":[209],"property_area":[],"property_county_state":[1190],"property_features":[],"property_status":[],"class_list":["post-1301310","estate_property","type-estate_property","status-publish","has-post-thumbnail","hentry","property_category-gewerbe-bueros","property_action_category-mieten","property_city-dudingen","property_county_state-freiburg"],"yoast_head":"<!-- This site is optimized with the Yoast SEO plugin v27.5 - https:\/\/yoast.com\/product\/yoast-seo-wordpress\/ -->\n<title>Moderne Gewerbefl\u00e4che 137 m2 &#8211; MIETEN Gewerbe\/B\u00fcros &#8211; D\u00fcdingen &#8211; Freiburg &#8211; Gerama<\/title>\n<meta name=\"robots\" content=\"index, follow, max-snippet:-1, max-image-preview:large, max-video-preview:-1\" \/>\n<link rel=\"canonical\" href=\"https:\/\/gerama.ch\/de\/estate_property-de\/01-001087-011001-de\/\" \/>\n<meta property=\"og:locale\" content=\"de_DE\" \/>\n<meta property=\"og:type\" content=\"article\" \/>\n<meta property=\"og:title\" content=\"Moderne Gewerbefl\u00e4che 137 m2 &#8211; MIETEN Gewerbe\/B\u00fcros &#8211; D\u00fcdingen &#8211; Freiburg &#8211; Gerama\" \/>\n<meta property=\"og:description\" content=\"Zu vermieten per 01.05.2026: Moderne und vielseitige Gewerbefl\u00e4che von 137 m\u00b2 im Erdgeschoss an der Birchstrasse in Guin. Die Fl\u00e4che befindet sich in einem zeitgem\u00e4ssen Gesch\u00e4ftsgeb\u00e4ude, nur 500 m vom Autobahnanschluss A12 entfernt. Besucherparkpl\u00e4tze stehen direkt vor der Liegenschaft zur Verf\u00fcgung. Die Gewerbefl\u00e4che bietet folgende Ausstattung: \u2022 Grossz\u00fcgige Fensterfront \u00fcber die gesamte Ladenfl\u00e4che \u2022 Zugangskontrolle mittels Badgesystem \u2022 Gemeinschaftliche Sanit\u00e4ranlagen und Technikraum pro Etage ...\" \/>\n<meta property=\"og:url\" content=\"https:\/\/gerama.ch\/de\/estate_property-de\/01-001087-011001-de\/\" \/>\n<meta property=\"og:site_name\" content=\"Gerama\" \/>\n<meta property=\"article:publisher\" content=\"https:\/\/www.latest.facebook.com\/geramaag\/\" \/>\n<meta name=\"twitter:card\" content=\"summary_large_image\" \/>\n<meta name=\"twitter:label1\" content=\"Gesch\u00e4tzte Lesezeit\" \/>\n\t<meta name=\"twitter:data1\" content=\"1\u00a0Minute\" \/>\n<script type=\"application\/ld+json\" class=\"yoast-schema-graph\">{\"@context\":\"https:\\\/\\\/schema.org\",\"@graph\":[{\"@type\":[\"WebPage\",\"RealEstateListing\"],\"@id\":\"https:\\\/\\\/gerama.ch\\\/de\\\/estate_property-de\\\/01-001087-011001-de\\\/\",\"url\":\"https:\\\/\\\/gerama.ch\\\/de\\\/estate_property-de\\\/01-001087-011001-de\\\/\",\"name\":\"Moderne Gewerbefl\u00e4che 137 m2 &#8211; MIETEN Gewerbe\\\/B\u00fcros &#8211; D\u00fcdingen &#8211; Freiburg &#8211; Gerama\",\"isPartOf\":{\"@id\":\"https:\\\/\\\/gerama.ch\\\/de\\\/#website\"},\"primaryImageOfPage\":{\"@id\":\"https:\\\/\\\/gerama.ch\\\/de\\\/estate_property-de\\\/01-001087-011001-de\\\/#primaryimage\"},\"image\":{\"@id\":\"https:\\\/\\\/gerama.ch\\\/de\\\/estate_property-de\\\/01-001087-011001-de\\\/#primaryimage\"},\"thumbnailUrl\":\"https:\\\/\\\/gerama.ch\\\/wp-content\\\/uploads\\\/2025\\\/09\\\/ff0000000021383549.jpg\",\"datePublished\":\"2025-09-20T00:51:06+00:00\",\"breadcrumb\":{\"@id\":\"https:\\\/\\\/gerama.ch\\\/de\\\/estate_property-de\\\/01-001087-011001-de\\\/#breadcrumb\"},\"inLanguage\":\"de\",\"potentialAction\":[{\"@type\":\"ReadAction\",\"target\":[\"https:\\\/\\\/gerama.ch\\\/de\\\/estate_property-de\\\/01-001087-011001-de\\\/\"]}]},{\"@type\":\"ImageObject\",\"inLanguage\":\"de\",\"@id\":\"https:\\\/\\\/gerama.ch\\\/de\\\/estate_property-de\\\/01-001087-011001-de\\\/#primaryimage\",\"url\":\"https:\\\/\\\/gerama.ch\\\/wp-content\\\/uploads\\\/2025\\\/09\\\/ff0000000021383549.jpg\",\"contentUrl\":\"https:\\\/\\\/gerama.ch\\\/wp-content\\\/uploads\\\/2025\\\/09\\\/ff0000000021383549.jpg\",\"width\":1500,\"height\":997},{\"@type\":\"BreadcrumbList\",\"@id\":\"https:\\\/\\\/gerama.ch\\\/de\\\/estate_property-de\\\/01-001087-011001-de\\\/#breadcrumb\",\"itemListElement\":[{\"@type\":\"ListItem\",\"position\":1,\"name\":\"Accueil\",\"item\":\"https:\\\/\\\/gerama.ch\\\/de\\\/gerama-immobilien-freiburg-mieten-kaufen\\\/\"},{\"@type\":\"ListItem\",\"position\":2,\"name\":\"Eigenschaften\",\"item\":\"https:\\\/\\\/gerama.ch\\\/de\\\/estate_property-de\\\/\"},{\"@type\":\"ListItem\",\"position\":3,\"name\":\"Moderne Gewerbefl\u00e4che 137 m2\"}]},{\"@type\":\"WebSite\",\"@id\":\"https:\\\/\\\/gerama.ch\\\/de\\\/#website\",\"url\":\"https:\\\/\\\/gerama.ch\\\/de\\\/\",\"name\":\"Gerama\",\"description\":\"\",\"publisher\":{\"@id\":\"https:\\\/\\\/gerama.ch\\\/de\\\/#organization\"},\"potentialAction\":[{\"@type\":\"SearchAction\",\"target\":{\"@type\":\"EntryPoint\",\"urlTemplate\":\"https:\\\/\\\/gerama.ch\\\/de\\\/?s={search_term_string}\"},\"query-input\":{\"@type\":\"PropertyValueSpecification\",\"valueRequired\":true,\"valueName\":\"search_term_string\"}}],\"inLanguage\":\"de\"},{\"@type\":\"Organization\",\"@id\":\"https:\\\/\\\/gerama.ch\\\/de\\\/#organization\",\"name\":\"Gerama Immobilier Immobilien\",\"url\":\"https:\\\/\\\/gerama.ch\\\/de\\\/\",\"logo\":{\"@type\":\"ImageObject\",\"inLanguage\":\"de\",\"@id\":\"https:\\\/\\\/gerama.ch\\\/de\\\/#\\\/schema\\\/logo\\\/image\\\/\",\"url\":\"https:\\\/\\\/gerama.ch\\\/wp-content\\\/uploads\\\/2020\\\/05\\\/logoSmall.png\",\"contentUrl\":\"https:\\\/\\\/gerama.ch\\\/wp-content\\\/uploads\\\/2020\\\/05\\\/logoSmall.png\",\"width\":150,\"height\":74,\"caption\":\"Gerama Immobilier Immobilien\"},\"image\":{\"@id\":\"https:\\\/\\\/gerama.ch\\\/de\\\/#\\\/schema\\\/logo\\\/image\\\/\"},\"sameAs\":[\"https:\\\/\\\/www.latest.facebook.com\\\/geramaag\\\/\",\"https:\\\/\\\/www.youtube.com\\\/@geramaimmobilier3471\",\"https:\\\/\\\/www.linkedin.com\\\/company\\\/gerama\\\/posts\\\/?feedView=all\",\"https:\\\/\\\/www.instagram.com\\\/geramaimmobilier\\\/\"]}]}<\/script>\n<!-- \/ Yoast SEO plugin. -->","yoast_head_json":{"title":"Moderne Gewerbefl\u00e4che 137 m2 &#8211; MIETEN Gewerbe\/B\u00fcros &#8211; D\u00fcdingen &#8211; Freiburg &#8211; Gerama","robots":{"index":"index","follow":"follow","max-snippet":"max-snippet:-1","max-image-preview":"max-image-preview:large","max-video-preview":"max-video-preview:-1"},"canonical":"https:\/\/gerama.ch\/de\/estate_property-de\/01-001087-011001-de\/","og_locale":"de_DE","og_type":"article","og_title":"Moderne Gewerbefl\u00e4che 137 m2 &#8211; MIETEN Gewerbe\/B\u00fcros &#8211; D\u00fcdingen &#8211; Freiburg &#8211; Gerama","og_description":"Zu vermieten per 01.05.2026: Moderne und vielseitige Gewerbefl\u00e4che von 137 m\u00b2 im Erdgeschoss an der Birchstrasse in Guin. Die Fl\u00e4che befindet sich in einem zeitgem\u00e4ssen Gesch\u00e4ftsgeb\u00e4ude, nur 500 m vom Autobahnanschluss A12 entfernt. Besucherparkpl\u00e4tze stehen direkt vor der Liegenschaft zur Verf\u00fcgung. Die Gewerbefl\u00e4che bietet folgende Ausstattung: \u2022 Grossz\u00fcgige Fensterfront \u00fcber die gesamte Ladenfl\u00e4che \u2022 Zugangskontrolle mittels Badgesystem \u2022 Gemeinschaftliche Sanit\u00e4ranlagen und Technikraum pro Etage ...","og_url":"https:\/\/gerama.ch\/de\/estate_property-de\/01-001087-011001-de\/","og_site_name":"Gerama","article_publisher":"https:\/\/www.latest.facebook.com\/geramaag\/","twitter_card":"summary_large_image","twitter_misc":{"Gesch\u00e4tzte Lesezeit":"1\u00a0Minute"},"schema":{"@context":"https:\/\/schema.org","@graph":[{"@type":["WebPage","RealEstateListing"],"@id":"https:\/\/gerama.ch\/de\/estate_property-de\/01-001087-011001-de\/","url":"https:\/\/gerama.ch\/de\/estate_property-de\/01-001087-011001-de\/","name":"Moderne Gewerbefl\u00e4che 137 m2 &#8211; MIETEN Gewerbe\/B\u00fcros &#8211; D\u00fcdingen &#8211; Freiburg &#8211; Gerama","isPartOf":{"@id":"https:\/\/gerama.ch\/de\/#website"},"primaryImageOfPage":{"@id":"https:\/\/gerama.ch\/de\/estate_property-de\/01-001087-011001-de\/#primaryimage"},"image":{"@id":"https:\/\/gerama.ch\/de\/estate_property-de\/01-001087-011001-de\/#primaryimage"},"thumbnailUrl":"https:\/\/gerama.ch\/wp-content\/uploads\/2025\/09\/ff0000000021383549.jpg","datePublished":"2025-09-20T00:51:06+00:00","breadcrumb":{"@id":"https:\/\/gerama.ch\/de\/estate_property-de\/01-001087-011001-de\/#breadcrumb"},"inLanguage":"de","potentialAction":[{"@type":"ReadAction","target":["https:\/\/gerama.ch\/de\/estate_property-de\/01-001087-011001-de\/"]}]},{"@type":"ImageObject","inLanguage":"de","@id":"https:\/\/gerama.ch\/de\/estate_property-de\/01-001087-011001-de\/#primaryimage","url":"https:\/\/gerama.ch\/wp-content\/uploads\/2025\/09\/ff0000000021383549.jpg","contentUrl":"https:\/\/gerama.ch\/wp-content\/uploads\/2025\/09\/ff0000000021383549.jpg","width":1500,"height":997},{"@type":"BreadcrumbList","@id":"https:\/\/gerama.ch\/de\/estate_property-de\/01-001087-011001-de\/#breadcrumb","itemListElement":[{"@type":"ListItem","position":1,"name":"Accueil","item":"https:\/\/gerama.ch\/de\/gerama-immobilien-freiburg-mieten-kaufen\/"},{"@type":"ListItem","position":2,"name":"Eigenschaften","item":"https:\/\/gerama.ch\/de\/estate_property-de\/"},{"@type":"ListItem","position":3,"name":"Moderne Gewerbefl\u00e4che 137 m2"}]},{"@type":"WebSite","@id":"https:\/\/gerama.ch\/de\/#website","url":"https:\/\/gerama.ch\/de\/","name":"Gerama","description":"","publisher":{"@id":"https:\/\/gerama.ch\/de\/#organization"},"potentialAction":[{"@type":"SearchAction","target":{"@type":"EntryPoint","urlTemplate":"https:\/\/gerama.ch\/de\/?s={search_term_string}"},"query-input":{"@type":"PropertyValueSpecification","valueRequired":true,"valueName":"search_term_string"}}],"inLanguage":"de"},{"@type":"Organization","@id":"https:\/\/gerama.ch\/de\/#organization","name":"Gerama Immobilier Immobilien","url":"https:\/\/gerama.ch\/de\/","logo":{"@type":"ImageObject","inLanguage":"de","@id":"https:\/\/gerama.ch\/de\/#\/schema\/logo\/image\/","url":"https:\/\/gerama.ch\/wp-content\/uploads\/2020\/05\/logoSmall.png","contentUrl":"https:\/\/gerama.ch\/wp-content\/uploads\/2020\/05\/logoSmall.png","width":150,"height":74,"caption":"Gerama Immobilier Immobilien"},"image":{"@id":"https:\/\/gerama.ch\/de\/#\/schema\/logo\/image\/"},"sameAs":["https:\/\/www.latest.facebook.com\/geramaag\/","https:\/\/www.youtube.com\/@geramaimmobilier3471","https:\/\/www.linkedin.com\/company\/gerama\/posts\/?feedView=all","https:\/\/www.instagram.com\/geramaimmobilier\/"]}]}},"_links":{"self":[{"href":"https:\/\/gerama.ch\/de\/wp-json\/wp\/v2\/estate_property\/1301310","targetHints":{"allow":["GET"]}}],"collection":[{"href":"https:\/\/gerama.ch\/de\/wp-json\/wp\/v2\/estate_property"}],"about":[{"href":"https:\/\/gerama.ch\/de\/wp-json\/wp\/v2\/types\/estate_property"}],"replies":[{"embeddable":true,"href":"https:\/\/gerama.ch\/de\/wp-json\/wp\/v2\/comments?post=1301310"}],"wp:featuredmedia":[{"embeddable":true,"href":"https:\/\/gerama.ch\/de\/wp-json\/wp\/v2\/media\/1301311"}],"wp:attachment":[{"href":"https:\/\/gerama.ch\/de\/wp-json\/wp\/v2\/media?parent=1301310"}],"wp:term":[{"taxonomy":"property_category","embeddable":true,"href":"https:\/\/gerama.ch\/de\/wp-json\/wp\/v2\/property_category?post=1301310"},{"taxonomy":"property_action_category","embeddable":true,"href":"https:\/\/gerama.ch\/de\/wp-json\/wp\/v2\/property_action_category?post=1301310"},{"taxonomy":"property_city","embeddable":true,"href":"https:\/\/gerama.ch\/de\/wp-json\/wp\/v2\/property_city?post=1301310"},{"taxonomy":"property_area","embeddable":true,"href":"https:\/\/gerama.ch\/de\/wp-json\/wp\/v2\/property_area?post=1301310"},{"taxonomy":"property_county_state","embeddable":true,"href":"https:\/\/gerama.ch\/de\/wp-json\/wp\/v2\/property_county_state?post=1301310"},{"taxonomy":"property_features","embeddable":true,"href":"https:\/\/gerama.ch\/de\/wp-json\/wp\/v2\/property_features?post=1301310"},{"taxonomy":"property_status","embeddable":true,"href":"https:\/\/gerama.ch\/de\/wp-json\/wp\/v2\/property_status?post=1301310"}],"curies":[{"name":"wp","href":"https:\/\/api.w.org\/{rel}","templated":true}]}}