{"id":1313586,"date":"2026-01-12T16:52:52","date_gmt":"2026-01-12T15:52:52","guid":{"rendered":"https:\/\/gerama.ch\/estate_property\/5276063-de\/"},"modified":"2026-01-12T16:52:52","modified_gmt":"2026-01-12T15:52:52","slug":"5276063-de","status":"publish","type":"estate_property","link":"https:\/\/gerama.ch\/de\/estate_property-de\/5276063-de\/","title":{"rendered":"&nbsp;"},"content":{"rendered":"<p><strong>Lage<\/strong><br \/>Sis dans le quartier du Sch\u00f6nberg : Depuis les ann\u00e9es 60 du XXe si\u00e8cle, la ville se d\u00e9veloppe aussi vers le nord-est, dans les secteurs de Bellevue, du Windig et du Haut du Schoenberg, rest\u00e9s longtemps en marge, et qui forment aujourd\u2019hui le plus important quartier r\u00e9sidentiel.<\/p>\n<p>Multiculturel, le Schoenberg r\u00e9unit quelques 10\u2019000 habitants et une centaine de nationalit\u00e9s. Depuis 2014, le nouveau pont de la Poya relie ce quartier au centre-ville et \u00e0 l\u2019autoroute A12.<\/p>\n<p><strong>Gemeinde<\/strong><br \/>Fribourg et son agglom\u00e9ration de 80\u2019000 habitants se distinguent par un rayonnement culturel et un dynamisme \u00e9conomique de premier ordre. \u00c0 dimension humaine, Fribourg offre une qualit\u00e9 de vie enviable, tout en misant sur un d\u00e9veloppement \u00e9conomique harmonieux, au point de rencontre des Suisses romande et al\u00e9manique.<\/p>\n<p>Quant au patrimoine architectural, celui-ci a \u00e9t\u00e9 salu\u00e9 par les instances europ\u00e9ennes pour sa beaut\u00e9 et sa pr\u00e9servation.<br \/>\nPlus d&#8217;infos sur : www.ville-fribourg.ch <\/p>\n<p><strong>Zugang<\/strong><br \/>A 30 min. de Berne<br \/>\nA 60 min. de Lausanne<br \/>\nA 40 min. de Neuch\u00e2tel<\/p>\n<p><strong>Transports<\/strong><br \/>Arr\u00eat de bus proche de l&#8217;appartement <\/p>\n<p><strong>3. Ebene<\/strong><br \/>Salon\/s\u00e9jour\/cuisine de 28 m2<br \/>\nChambre de 13.35 m2<br \/>\nsalle de douche de 2.83 m2<br \/>\nBalcon de 12.48 m2<\/p>\n","protected":false},"excerpt":{"rendered":"<p>LageSis dans le quartier du Sch\u00f6nberg : Depuis les ann\u00e9es 60 du XXe si\u00e8cle, la ville se d\u00e9veloppe aussi vers le nord-est, dans les secteurs de Bellevue, du Windig et du Haut du Schoenberg, rest\u00e9s longtemps en marge, et qui forment aujourd\u2019hui le plus important quartier r\u00e9sidentiel. Multiculturel, le Schoenberg r\u00e9unit quelques 10\u2019000 habitants et une centaine de nationalit\u00e9s. Depuis 2014, le nouveau pont &#8230;<\/p>\n","protected":false},"featured_media":1313587,"comment_status":"closed","ping_status":"closed","template":"","property_category":[248],"property_action_category":[245],"property_city":[34],"property_area":[],"property_county_state":[1190],"property_features":[1414,450,448,615,515,519,457,1248,439,601,591,1095,1177,660,661,596,627,1070,284,545,1252,533,522],"property_status":[1300],"class_list":["post-1313586","estate_property","type-estate_property","status-publish","has-post-thumbnail","hentry","property_category-wohnungen","property_action_category-kaufen","property_city-fribourg","property_county_state-freiburg","property_features-balkone","property_features-bank","property_features-bushaltestelle-de","property_features-dreifachverglasung","property_features-dusche","property_features-gegensprechanlage","property_features-geschafte","property_features-glasfaser","property_features-gut","property_features-hell-de","property_features-keller","property_features-kinderfreundlich","property_features-kinderkrippe","property_features-lift","property_features-modernekche","property_features-offene-kuche","property_features-parkett","property_features-primarschule","property_features-restaurants","property_features-sehr-gut","property_features-stadtzentrum","property_features-waschetrockner","property_features-waschmaschine-de","property_status-gunstige-gelegenheit"],"yoast_head":"<!-- This site is optimized with the Yoast SEO plugin v27.5 - https:\/\/yoast.com\/product\/yoast-seo-wordpress\/ -->\n<title>&nbsp; &#8211; KAUFEN Wohnungen &#8211; Fribourg &#8211; Freiburg &#8211; Gerama<\/title>\n<meta name=\"robots\" content=\"index, follow, max-snippet:-1, max-image-preview:large, max-video-preview:-1\" \/>\n<link rel=\"canonical\" href=\"https:\/\/gerama.ch\/de\/estate_property-de\/5276063-de\/\" \/>\n<meta property=\"og:locale\" content=\"de_DE\" \/>\n<meta property=\"og:type\" content=\"article\" \/>\n<meta property=\"og:title\" content=\"&nbsp; &#8211; KAUFEN Wohnungen &#8211; Fribourg &#8211; Freiburg &#8211; Gerama\" \/>\n<meta property=\"og:description\" content=\"LageSis dans le quartier du Sch\u00f6nberg : Depuis les ann\u00e9es 60 du XXe si\u00e8cle, la ville se d\u00e9veloppe aussi vers le nord-est, dans les secteurs de Bellevue, du Windig et du Haut du Schoenberg, rest\u00e9s longtemps en marge, et qui forment aujourd\u2019hui le plus important quartier r\u00e9sidentiel. Multiculturel, le Schoenberg r\u00e9unit quelques 10\u2019000 habitants et une centaine de nationalit\u00e9s. Depuis 2014, le nouveau pont ...\" \/>\n<meta property=\"og:url\" content=\"https:\/\/gerama.ch\/de\/estate_property-de\/5276063-de\/\" \/>\n<meta property=\"og:site_name\" content=\"Gerama\" \/>\n<meta property=\"article:publisher\" content=\"https:\/\/www.latest.facebook.com\/geramaag\/\" \/>\n<meta name=\"twitter:card\" content=\"summary_large_image\" \/>\n<meta name=\"twitter:label1\" content=\"Gesch\u00e4tzte Lesezeit\" \/>\n\t<meta name=\"twitter:data1\" content=\"1\u00a0Minute\" \/>\n<script type=\"application\/ld+json\" class=\"yoast-schema-graph\">{\"@context\":\"https:\\\/\\\/schema.org\",\"@graph\":[{\"@type\":[\"WebPage\",\"RealEstateListing\"],\"@id\":\"https:\\\/\\\/gerama.ch\\\/de\\\/estate_property-de\\\/5276063-de\\\/\",\"url\":\"https:\\\/\\\/gerama.ch\\\/de\\\/estate_property-de\\\/5276063-de\\\/\",\"name\":\"&nbsp; &#8211; KAUFEN Wohnungen &#8211; Fribourg &#8211; Freiburg &#8211; Gerama\",\"isPartOf\":{\"@id\":\"https:\\\/\\\/gerama.ch\\\/de\\\/#website\"},\"primaryImageOfPage\":{\"@id\":\"https:\\\/\\\/gerama.ch\\\/de\\\/estate_property-de\\\/5276063-de\\\/#primaryimage\"},\"image\":{\"@id\":\"https:\\\/\\\/gerama.ch\\\/de\\\/estate_property-de\\\/5276063-de\\\/#primaryimage\"},\"thumbnailUrl\":\"https:\\\/\\\/gerama.ch\\\/wp-content\\\/uploads\\\/2026\\\/01\\\/732_67a4b7f07bb036.04685414.jpg\",\"datePublished\":\"2026-01-12T15:52:52+00:00\",\"breadcrumb\":{\"@id\":\"https:\\\/\\\/gerama.ch\\\/de\\\/estate_property-de\\\/5276063-de\\\/#breadcrumb\"},\"inLanguage\":\"de\",\"potentialAction\":[{\"@type\":\"ReadAction\",\"target\":[\"https:\\\/\\\/gerama.ch\\\/de\\\/estate_property-de\\\/5276063-de\\\/\"]}]},{\"@type\":\"ImageObject\",\"inLanguage\":\"de\",\"@id\":\"https:\\\/\\\/gerama.ch\\\/de\\\/estate_property-de\\\/5276063-de\\\/#primaryimage\",\"url\":\"https:\\\/\\\/gerama.ch\\\/wp-content\\\/uploads\\\/2026\\\/01\\\/732_67a4b7f07bb036.04685414.jpg\",\"contentUrl\":\"https:\\\/\\\/gerama.ch\\\/wp-content\\\/uploads\\\/2026\\\/01\\\/732_67a4b7f07bb036.04685414.jpg\",\"width\":2560,\"height\":1920},{\"@type\":\"BreadcrumbList\",\"@id\":\"https:\\\/\\\/gerama.ch\\\/de\\\/estate_property-de\\\/5276063-de\\\/#breadcrumb\",\"itemListElement\":[{\"@type\":\"ListItem\",\"position\":1,\"name\":\"Accueil\",\"item\":\"https:\\\/\\\/gerama.ch\\\/de\\\/gerama-immobilien-freiburg-mieten-kaufen\\\/\"},{\"@type\":\"ListItem\",\"position\":2,\"name\":\"Eigenschaften\",\"item\":\"https:\\\/\\\/gerama.ch\\\/de\\\/estate_property-de\\\/\"},{\"@type\":\"ListItem\",\"position\":3,\"name\":\"&nbsp;\"}]},{\"@type\":\"WebSite\",\"@id\":\"https:\\\/\\\/gerama.ch\\\/de\\\/#website\",\"url\":\"https:\\\/\\\/gerama.ch\\\/de\\\/\",\"name\":\"Gerama\",\"description\":\"\",\"publisher\":{\"@id\":\"https:\\\/\\\/gerama.ch\\\/de\\\/#organization\"},\"potentialAction\":[{\"@type\":\"SearchAction\",\"target\":{\"@type\":\"EntryPoint\",\"urlTemplate\":\"https:\\\/\\\/gerama.ch\\\/de\\\/?s={search_term_string}\"},\"query-input\":{\"@type\":\"PropertyValueSpecification\",\"valueRequired\":true,\"valueName\":\"search_term_string\"}}],\"inLanguage\":\"de\"},{\"@type\":\"Organization\",\"@id\":\"https:\\\/\\\/gerama.ch\\\/de\\\/#organization\",\"name\":\"Gerama Immobilier Immobilien\",\"url\":\"https:\\\/\\\/gerama.ch\\\/de\\\/\",\"logo\":{\"@type\":\"ImageObject\",\"inLanguage\":\"de\",\"@id\":\"https:\\\/\\\/gerama.ch\\\/de\\\/#\\\/schema\\\/logo\\\/image\\\/\",\"url\":\"https:\\\/\\\/gerama.ch\\\/wp-content\\\/uploads\\\/2020\\\/05\\\/logoSmall.png\",\"contentUrl\":\"https:\\\/\\\/gerama.ch\\\/wp-content\\\/uploads\\\/2020\\\/05\\\/logoSmall.png\",\"width\":150,\"height\":74,\"caption\":\"Gerama Immobilier Immobilien\"},\"image\":{\"@id\":\"https:\\\/\\\/gerama.ch\\\/de\\\/#\\\/schema\\\/logo\\\/image\\\/\"},\"sameAs\":[\"https:\\\/\\\/www.latest.facebook.com\\\/geramaag\\\/\",\"https:\\\/\\\/www.youtube.com\\\/@geramaimmobilier3471\",\"https:\\\/\\\/www.linkedin.com\\\/company\\\/gerama\\\/posts\\\/?feedView=all\",\"https:\\\/\\\/www.instagram.com\\\/geramaimmobilier\\\/\"]}]}<\/script>\n<!-- \/ Yoast SEO plugin. -->","yoast_head_json":{"title":"&nbsp; &#8211; KAUFEN Wohnungen &#8211; Fribourg &#8211; Freiburg &#8211; Gerama","robots":{"index":"index","follow":"follow","max-snippet":"max-snippet:-1","max-image-preview":"max-image-preview:large","max-video-preview":"max-video-preview:-1"},"canonical":"https:\/\/gerama.ch\/de\/estate_property-de\/5276063-de\/","og_locale":"de_DE","og_type":"article","og_title":"&nbsp; &#8211; KAUFEN Wohnungen &#8211; Fribourg &#8211; Freiburg &#8211; Gerama","og_description":"LageSis dans le quartier du Sch\u00f6nberg : Depuis les ann\u00e9es 60 du XXe si\u00e8cle, la ville se d\u00e9veloppe aussi vers le nord-est, dans les secteurs de Bellevue, du Windig et du Haut du Schoenberg, rest\u00e9s longtemps en marge, et qui forment aujourd\u2019hui le plus important quartier r\u00e9sidentiel. Multiculturel, le Schoenberg r\u00e9unit quelques 10\u2019000 habitants et une centaine de nationalit\u00e9s. Depuis 2014, le nouveau pont ...","og_url":"https:\/\/gerama.ch\/de\/estate_property-de\/5276063-de\/","og_site_name":"Gerama","article_publisher":"https:\/\/www.latest.facebook.com\/geramaag\/","twitter_card":"summary_large_image","twitter_misc":{"Gesch\u00e4tzte Lesezeit":"1\u00a0Minute"},"schema":{"@context":"https:\/\/schema.org","@graph":[{"@type":["WebPage","RealEstateListing"],"@id":"https:\/\/gerama.ch\/de\/estate_property-de\/5276063-de\/","url":"https:\/\/gerama.ch\/de\/estate_property-de\/5276063-de\/","name":"&nbsp; &#8211; KAUFEN Wohnungen &#8211; Fribourg &#8211; Freiburg &#8211; Gerama","isPartOf":{"@id":"https:\/\/gerama.ch\/de\/#website"},"primaryImageOfPage":{"@id":"https:\/\/gerama.ch\/de\/estate_property-de\/5276063-de\/#primaryimage"},"image":{"@id":"https:\/\/gerama.ch\/de\/estate_property-de\/5276063-de\/#primaryimage"},"thumbnailUrl":"https:\/\/gerama.ch\/wp-content\/uploads\/2026\/01\/732_67a4b7f07bb036.04685414.jpg","datePublished":"2026-01-12T15:52:52+00:00","breadcrumb":{"@id":"https:\/\/gerama.ch\/de\/estate_property-de\/5276063-de\/#breadcrumb"},"inLanguage":"de","potentialAction":[{"@type":"ReadAction","target":["https:\/\/gerama.ch\/de\/estate_property-de\/5276063-de\/"]}]},{"@type":"ImageObject","inLanguage":"de","@id":"https:\/\/gerama.ch\/de\/estate_property-de\/5276063-de\/#primaryimage","url":"https:\/\/gerama.ch\/wp-content\/uploads\/2026\/01\/732_67a4b7f07bb036.04685414.jpg","contentUrl":"https:\/\/gerama.ch\/wp-content\/uploads\/2026\/01\/732_67a4b7f07bb036.04685414.jpg","width":2560,"height":1920},{"@type":"BreadcrumbList","@id":"https:\/\/gerama.ch\/de\/estate_property-de\/5276063-de\/#breadcrumb","itemListElement":[{"@type":"ListItem","position":1,"name":"Accueil","item":"https:\/\/gerama.ch\/de\/gerama-immobilien-freiburg-mieten-kaufen\/"},{"@type":"ListItem","position":2,"name":"Eigenschaften","item":"https:\/\/gerama.ch\/de\/estate_property-de\/"},{"@type":"ListItem","position":3,"name":"&nbsp;"}]},{"@type":"WebSite","@id":"https:\/\/gerama.ch\/de\/#website","url":"https:\/\/gerama.ch\/de\/","name":"Gerama","description":"","publisher":{"@id":"https:\/\/gerama.ch\/de\/#organization"},"potentialAction":[{"@type":"SearchAction","target":{"@type":"EntryPoint","urlTemplate":"https:\/\/gerama.ch\/de\/?s={search_term_string}"},"query-input":{"@type":"PropertyValueSpecification","valueRequired":true,"valueName":"search_term_string"}}],"inLanguage":"de"},{"@type":"Organization","@id":"https:\/\/gerama.ch\/de\/#organization","name":"Gerama Immobilier Immobilien","url":"https:\/\/gerama.ch\/de\/","logo":{"@type":"ImageObject","inLanguage":"de","@id":"https:\/\/gerama.ch\/de\/#\/schema\/logo\/image\/","url":"https:\/\/gerama.ch\/wp-content\/uploads\/2020\/05\/logoSmall.png","contentUrl":"https:\/\/gerama.ch\/wp-content\/uploads\/2020\/05\/logoSmall.png","width":150,"height":74,"caption":"Gerama Immobilier Immobilien"},"image":{"@id":"https:\/\/gerama.ch\/de\/#\/schema\/logo\/image\/"},"sameAs":["https:\/\/www.latest.facebook.com\/geramaag\/","https:\/\/www.youtube.com\/@geramaimmobilier3471","https:\/\/www.linkedin.com\/company\/gerama\/posts\/?feedView=all","https:\/\/www.instagram.com\/geramaimmobilier\/"]}]}},"_links":{"self":[{"href":"https:\/\/gerama.ch\/de\/wp-json\/wp\/v2\/estate_property\/1313586","targetHints":{"allow":["GET"]}}],"collection":[{"href":"https:\/\/gerama.ch\/de\/wp-json\/wp\/v2\/estate_property"}],"about":[{"href":"https:\/\/gerama.ch\/de\/wp-json\/wp\/v2\/types\/estate_property"}],"replies":[{"embeddable":true,"href":"https:\/\/gerama.ch\/de\/wp-json\/wp\/v2\/comments?post=1313586"}],"wp:featuredmedia":[{"embeddable":true,"href":"https:\/\/gerama.ch\/de\/wp-json\/wp\/v2\/media\/1313587"}],"wp:attachment":[{"href":"https:\/\/gerama.ch\/de\/wp-json\/wp\/v2\/media?parent=1313586"}],"wp:term":[{"taxonomy":"property_category","embeddable":true,"href":"https:\/\/gerama.ch\/de\/wp-json\/wp\/v2\/property_category?post=1313586"},{"taxonomy":"property_action_category","embeddable":true,"href":"https:\/\/gerama.ch\/de\/wp-json\/wp\/v2\/property_action_category?post=1313586"},{"taxonomy":"property_city","embeddable":true,"href":"https:\/\/gerama.ch\/de\/wp-json\/wp\/v2\/property_city?post=1313586"},{"taxonomy":"property_area","embeddable":true,"href":"https:\/\/gerama.ch\/de\/wp-json\/wp\/v2\/property_area?post=1313586"},{"taxonomy":"property_county_state","embeddable":true,"href":"https:\/\/gerama.ch\/de\/wp-json\/wp\/v2\/property_county_state?post=1313586"},{"taxonomy":"property_features","embeddable":true,"href":"https:\/\/gerama.ch\/de\/wp-json\/wp\/v2\/property_features?post=1313586"},{"taxonomy":"property_status","embeddable":true,"href":"https:\/\/gerama.ch\/de\/wp-json\/wp\/v2\/property_status?post=1313586"}],"curies":[{"name":"wp","href":"https:\/\/api.w.org\/{rel}","templated":true}]}}