{"id":1322579,"date":"2026-04-14T00:55:03","date_gmt":"2026-04-13T22:55:03","guid":{"rendered":"https:\/\/gerama.ch\/estate_property\/01-001629-011101-de\/"},"modified":"2026-04-14T00:55:03","modified_gmt":"2026-04-13T22:55:03","slug":"01-001629-011101-de","status":"publish","type":"estate_property","link":"https:\/\/gerama.ch\/de\/estate_property-de\/01-001629-011101-de\/","title":{"rendered":"Charmant duplexe de 5.5 pi\u00e8ces \u00e0 Fribourg"},"content":{"rendered":"<p>Superbe appartement duplex 5.5 pi\u00e8ces avec terrasse sur le toit situ\u00e9 dans un quartier calme et agr\u00e9able<br \/> Ce spacieux duplex offre un cadre de vie lumineux et confortable. Id\u00e9al pour une famille ou pour toute personne \u00e0 la recherche de beaux volumes.<br \/> Surface g\u00e9n\u00e9reuse r\u00e9partie sur deux niveaux<br \/> Lumineux s\u00e9jour ouvert avec acc\u00e8s balcon <br \/> Cuisine moderne enti\u00e8rement \u00e9quip\u00e9e <br \/> 4 chambres avec parquet <br \/> Salle de bain avec baignoire <br \/> WC douche<br \/> WC visiteurs <br \/> Buanderie privative dans l\u2019appartement <br \/> Terrasse privative sur le toit<br \/> Cave \u00e0 dispostion<br \/> Id\u00e9ale pour profiter des beaux jours. L\u2019appartement b\u00e9n\u00e9ficie d\u2019une ambiance chaleureuse et d\u2019une belle disposition int\u00e9rieure. Pour plus d\u2019informations ou pour organiser une visite, merci de nous contacter au 026 351 15 40<\/p>\n<p> Wundersch\u00f6ne 5.5-Zimmer-Duplexwohnung mit privater Dachterrasse<br \/> Gelegen in einem ruhigen und angenehmen Quartier.<br \/> Diese grossz\u00fcgige Duplexwohnung bietet ein helles und komfortables Wohnambiente. Ideal f\u00fcr eine Familie oder f\u00fcr Personen, die viel Platz und offene R\u00e4ume sch\u00e4tzen.<br \/> Grossz\u00fcgige Wohnfl\u00e4che auf zwei Etagen<br \/> Helles, offenes Wohnzimmer mit Zugang zum Balkon<br \/> Moderne, vollst\u00e4ndig ausgestattete K\u00fcche<br \/> 4 Schlafzimmer mit Parkettboden<br \/> Badezimmer mit Badewanne <br \/> WC mit Dusche<br \/> Separates G\u00e4ste-WC <br \/> Eigene Waschk\u00fcche in der Wohnung<br \/> Private Dachterrasse <br \/> Keller zur Verf\u00fcgung<br \/> Ideal, um die sch\u00f6nen Tage zu geniessen. Die Wohnung \u00fcberzeugt durch ihre warme Atmosph\u00e4re und eine sehr angenehme Raumaufteilung. <br \/> F\u00fcr weitere Informationen oder zur Vereinbarung eines Besichtigungstermins kontaktieren Sie uns bitte unter: 026 351 15 40.<\/p>\n","protected":false},"excerpt":{"rendered":"<p>Superbe appartement duplex 5.5 pi\u00e8ces avec terrasse sur le toit situ\u00e9 dans un quartier calme et agr\u00e9able Ce spacieux duplex offre un cadre de vie lumineux et confortable. Id\u00e9al pour une famille ou pour toute personne \u00e0 la recherche de beaux volumes. Surface g\u00e9n\u00e9reuse r\u00e9partie sur deux niveaux Lumineux s\u00e9jour ouvert avec acc\u00e8s balcon Cuisine moderne enti\u00e8rement \u00e9quip\u00e9e 4 chambres avec parquet Salle de &#8230;<\/p>\n","protected":false},"featured_media":1322580,"comment_status":"closed","ping_status":"closed","template":"","property_category":[248],"property_action_category":[244],"property_city":[34],"property_area":[],"property_county_state":[1190],"property_features":[],"property_status":[],"class_list":["post-1322579","estate_property","type-estate_property","status-publish","has-post-thumbnail","hentry","property_category-wohnungen","property_action_category-mieten","property_city-fribourg","property_county_state-freiburg"],"yoast_head":"<!-- This site is optimized with the Yoast SEO plugin v27.4 - https:\/\/yoast.com\/product\/yoast-seo-wordpress\/ -->\n<title>Charmant duplexe de 5.5 pi\u00e8ces \u00e0 Fribourg &#8211; MIETEN Wohnungen &#8211; Fribourg &#8211; Freiburg &#8211; Gerama<\/title>\n<meta name=\"robots\" content=\"index, follow, max-snippet:-1, max-image-preview:large, max-video-preview:-1\" \/>\n<link rel=\"canonical\" href=\"https:\/\/gerama.ch\/de\/estate_property-de\/01-001629-011101-de\/\" \/>\n<meta property=\"og:locale\" content=\"de_DE\" \/>\n<meta property=\"og:type\" content=\"article\" \/>\n<meta property=\"og:title\" content=\"Charmant duplexe de 5.5 pi\u00e8ces \u00e0 Fribourg &#8211; MIETEN Wohnungen &#8211; Fribourg &#8211; Freiburg &#8211; Gerama\" \/>\n<meta property=\"og:description\" content=\"Superbe appartement duplex 5.5 pi\u00e8ces avec terrasse sur le toit situ\u00e9 dans un quartier calme et agr\u00e9able Ce spacieux duplex offre un cadre de vie lumineux et confortable. Id\u00e9al pour une famille ou pour toute personne \u00e0 la recherche de beaux volumes. Surface g\u00e9n\u00e9reuse r\u00e9partie sur deux niveaux Lumineux s\u00e9jour ouvert avec acc\u00e8s balcon Cuisine moderne enti\u00e8rement \u00e9quip\u00e9e 4 chambres avec parquet Salle de ...\" \/>\n<meta property=\"og:url\" content=\"https:\/\/gerama.ch\/de\/estate_property-de\/01-001629-011101-de\/\" \/>\n<meta property=\"og:site_name\" content=\"Gerama\" \/>\n<meta property=\"article:publisher\" content=\"https:\/\/www.latest.facebook.com\/geramaag\/\" \/>\n<meta name=\"twitter:card\" content=\"summary_large_image\" \/>\n<meta name=\"twitter:label1\" content=\"Gesch\u00e4tzte Lesezeit\" \/>\n\t<meta name=\"twitter:data1\" content=\"1\u00a0Minute\" \/>\n<script type=\"application\/ld+json\" class=\"yoast-schema-graph\">{\"@context\":\"https:\\\/\\\/schema.org\",\"@graph\":[{\"@type\":[\"WebPage\",\"RealEstateListing\"],\"@id\":\"https:\\\/\\\/gerama.ch\\\/de\\\/estate_property-de\\\/01-001629-011101-de\\\/\",\"url\":\"https:\\\/\\\/gerama.ch\\\/de\\\/estate_property-de\\\/01-001629-011101-de\\\/\",\"name\":\"Charmant duplexe de 5.5 pi\u00e8ces \u00e0 Fribourg &#8211; MIETEN Wohnungen &#8211; Fribourg &#8211; Freiburg &#8211; Gerama\",\"isPartOf\":{\"@id\":\"https:\\\/\\\/gerama.ch\\\/de\\\/#website\"},\"primaryImageOfPage\":{\"@id\":\"https:\\\/\\\/gerama.ch\\\/de\\\/estate_property-de\\\/01-001629-011101-de\\\/#primaryimage\"},\"image\":{\"@id\":\"https:\\\/\\\/gerama.ch\\\/de\\\/estate_property-de\\\/01-001629-011101-de\\\/#primaryimage\"},\"thumbnailUrl\":\"https:\\\/\\\/gerama.ch\\\/wp-content\\\/uploads\\\/2026\\\/04\\\/ff0000000035137127.jpg\",\"datePublished\":\"2026-04-13T22:55:03+00:00\",\"breadcrumb\":{\"@id\":\"https:\\\/\\\/gerama.ch\\\/de\\\/estate_property-de\\\/01-001629-011101-de\\\/#breadcrumb\"},\"inLanguage\":\"de\",\"potentialAction\":[{\"@type\":\"ReadAction\",\"target\":[\"https:\\\/\\\/gerama.ch\\\/de\\\/estate_property-de\\\/01-001629-011101-de\\\/\"]}]},{\"@type\":\"ImageObject\",\"inLanguage\":\"de\",\"@id\":\"https:\\\/\\\/gerama.ch\\\/de\\\/estate_property-de\\\/01-001629-011101-de\\\/#primaryimage\",\"url\":\"https:\\\/\\\/gerama.ch\\\/wp-content\\\/uploads\\\/2026\\\/04\\\/ff0000000035137127.jpg\",\"contentUrl\":\"https:\\\/\\\/gerama.ch\\\/wp-content\\\/uploads\\\/2026\\\/04\\\/ff0000000035137127.jpg\",\"width\":1500,\"height\":1125},{\"@type\":\"BreadcrumbList\",\"@id\":\"https:\\\/\\\/gerama.ch\\\/de\\\/estate_property-de\\\/01-001629-011101-de\\\/#breadcrumb\",\"itemListElement\":[{\"@type\":\"ListItem\",\"position\":1,\"name\":\"Accueil\",\"item\":\"https:\\\/\\\/gerama.ch\\\/de\\\/gerama-immobilien-freiburg-mieten-kaufen\\\/\"},{\"@type\":\"ListItem\",\"position\":2,\"name\":\"Eigenschaften\",\"item\":\"https:\\\/\\\/gerama.ch\\\/de\\\/estate_property-de\\\/\"},{\"@type\":\"ListItem\",\"position\":3,\"name\":\"Charmant duplexe de 5.5 pi\u00e8ces \u00e0 Fribourg\"}]},{\"@type\":\"WebSite\",\"@id\":\"https:\\\/\\\/gerama.ch\\\/de\\\/#website\",\"url\":\"https:\\\/\\\/gerama.ch\\\/de\\\/\",\"name\":\"Gerama\",\"description\":\"\",\"publisher\":{\"@id\":\"https:\\\/\\\/gerama.ch\\\/de\\\/#organization\"},\"potentialAction\":[{\"@type\":\"SearchAction\",\"target\":{\"@type\":\"EntryPoint\",\"urlTemplate\":\"https:\\\/\\\/gerama.ch\\\/de\\\/?s={search_term_string}\"},\"query-input\":{\"@type\":\"PropertyValueSpecification\",\"valueRequired\":true,\"valueName\":\"search_term_string\"}}],\"inLanguage\":\"de\"},{\"@type\":\"Organization\",\"@id\":\"https:\\\/\\\/gerama.ch\\\/de\\\/#organization\",\"name\":\"Gerama Immobilier Immobilien\",\"url\":\"https:\\\/\\\/gerama.ch\\\/de\\\/\",\"logo\":{\"@type\":\"ImageObject\",\"inLanguage\":\"de\",\"@id\":\"https:\\\/\\\/gerama.ch\\\/de\\\/#\\\/schema\\\/logo\\\/image\\\/\",\"url\":\"https:\\\/\\\/gerama.ch\\\/wp-content\\\/uploads\\\/2020\\\/05\\\/logoSmall.png\",\"contentUrl\":\"https:\\\/\\\/gerama.ch\\\/wp-content\\\/uploads\\\/2020\\\/05\\\/logoSmall.png\",\"width\":150,\"height\":74,\"caption\":\"Gerama Immobilier Immobilien\"},\"image\":{\"@id\":\"https:\\\/\\\/gerama.ch\\\/de\\\/#\\\/schema\\\/logo\\\/image\\\/\"},\"sameAs\":[\"https:\\\/\\\/www.latest.facebook.com\\\/geramaag\\\/\",\"https:\\\/\\\/www.youtube.com\\\/@geramaimmobilier3471\",\"https:\\\/\\\/www.linkedin.com\\\/company\\\/gerama\\\/posts\\\/?feedView=all\",\"https:\\\/\\\/www.instagram.com\\\/geramaimmobilier\\\/\"]}]}<\/script>\n<!-- \/ Yoast SEO plugin. -->","yoast_head_json":{"title":"Charmant duplexe de 5.5 pi\u00e8ces \u00e0 Fribourg &#8211; MIETEN Wohnungen &#8211; Fribourg &#8211; Freiburg &#8211; Gerama","robots":{"index":"index","follow":"follow","max-snippet":"max-snippet:-1","max-image-preview":"max-image-preview:large","max-video-preview":"max-video-preview:-1"},"canonical":"https:\/\/gerama.ch\/de\/estate_property-de\/01-001629-011101-de\/","og_locale":"de_DE","og_type":"article","og_title":"Charmant duplexe de 5.5 pi\u00e8ces \u00e0 Fribourg &#8211; MIETEN Wohnungen &#8211; Fribourg &#8211; Freiburg &#8211; Gerama","og_description":"Superbe appartement duplex 5.5 pi\u00e8ces avec terrasse sur le toit situ\u00e9 dans un quartier calme et agr\u00e9able Ce spacieux duplex offre un cadre de vie lumineux et confortable. Id\u00e9al pour une famille ou pour toute personne \u00e0 la recherche de beaux volumes. Surface g\u00e9n\u00e9reuse r\u00e9partie sur deux niveaux Lumineux s\u00e9jour ouvert avec acc\u00e8s balcon Cuisine moderne enti\u00e8rement \u00e9quip\u00e9e 4 chambres avec parquet Salle de ...","og_url":"https:\/\/gerama.ch\/de\/estate_property-de\/01-001629-011101-de\/","og_site_name":"Gerama","article_publisher":"https:\/\/www.latest.facebook.com\/geramaag\/","twitter_card":"summary_large_image","twitter_misc":{"Gesch\u00e4tzte Lesezeit":"1\u00a0Minute"},"schema":{"@context":"https:\/\/schema.org","@graph":[{"@type":["WebPage","RealEstateListing"],"@id":"https:\/\/gerama.ch\/de\/estate_property-de\/01-001629-011101-de\/","url":"https:\/\/gerama.ch\/de\/estate_property-de\/01-001629-011101-de\/","name":"Charmant duplexe de 5.5 pi\u00e8ces \u00e0 Fribourg &#8211; MIETEN Wohnungen &#8211; Fribourg &#8211; Freiburg &#8211; Gerama","isPartOf":{"@id":"https:\/\/gerama.ch\/de\/#website"},"primaryImageOfPage":{"@id":"https:\/\/gerama.ch\/de\/estate_property-de\/01-001629-011101-de\/#primaryimage"},"image":{"@id":"https:\/\/gerama.ch\/de\/estate_property-de\/01-001629-011101-de\/#primaryimage"},"thumbnailUrl":"https:\/\/gerama.ch\/wp-content\/uploads\/2026\/04\/ff0000000035137127.jpg","datePublished":"2026-04-13T22:55:03+00:00","breadcrumb":{"@id":"https:\/\/gerama.ch\/de\/estate_property-de\/01-001629-011101-de\/#breadcrumb"},"inLanguage":"de","potentialAction":[{"@type":"ReadAction","target":["https:\/\/gerama.ch\/de\/estate_property-de\/01-001629-011101-de\/"]}]},{"@type":"ImageObject","inLanguage":"de","@id":"https:\/\/gerama.ch\/de\/estate_property-de\/01-001629-011101-de\/#primaryimage","url":"https:\/\/gerama.ch\/wp-content\/uploads\/2026\/04\/ff0000000035137127.jpg","contentUrl":"https:\/\/gerama.ch\/wp-content\/uploads\/2026\/04\/ff0000000035137127.jpg","width":1500,"height":1125},{"@type":"BreadcrumbList","@id":"https:\/\/gerama.ch\/de\/estate_property-de\/01-001629-011101-de\/#breadcrumb","itemListElement":[{"@type":"ListItem","position":1,"name":"Accueil","item":"https:\/\/gerama.ch\/de\/gerama-immobilien-freiburg-mieten-kaufen\/"},{"@type":"ListItem","position":2,"name":"Eigenschaften","item":"https:\/\/gerama.ch\/de\/estate_property-de\/"},{"@type":"ListItem","position":3,"name":"Charmant duplexe de 5.5 pi\u00e8ces \u00e0 Fribourg"}]},{"@type":"WebSite","@id":"https:\/\/gerama.ch\/de\/#website","url":"https:\/\/gerama.ch\/de\/","name":"Gerama","description":"","publisher":{"@id":"https:\/\/gerama.ch\/de\/#organization"},"potentialAction":[{"@type":"SearchAction","target":{"@type":"EntryPoint","urlTemplate":"https:\/\/gerama.ch\/de\/?s={search_term_string}"},"query-input":{"@type":"PropertyValueSpecification","valueRequired":true,"valueName":"search_term_string"}}],"inLanguage":"de"},{"@type":"Organization","@id":"https:\/\/gerama.ch\/de\/#organization","name":"Gerama Immobilier Immobilien","url":"https:\/\/gerama.ch\/de\/","logo":{"@type":"ImageObject","inLanguage":"de","@id":"https:\/\/gerama.ch\/de\/#\/schema\/logo\/image\/","url":"https:\/\/gerama.ch\/wp-content\/uploads\/2020\/05\/logoSmall.png","contentUrl":"https:\/\/gerama.ch\/wp-content\/uploads\/2020\/05\/logoSmall.png","width":150,"height":74,"caption":"Gerama Immobilier Immobilien"},"image":{"@id":"https:\/\/gerama.ch\/de\/#\/schema\/logo\/image\/"},"sameAs":["https:\/\/www.latest.facebook.com\/geramaag\/","https:\/\/www.youtube.com\/@geramaimmobilier3471","https:\/\/www.linkedin.com\/company\/gerama\/posts\/?feedView=all","https:\/\/www.instagram.com\/geramaimmobilier\/"]}]}},"_links":{"self":[{"href":"https:\/\/gerama.ch\/de\/wp-json\/wp\/v2\/estate_property\/1322579","targetHints":{"allow":["GET"]}}],"collection":[{"href":"https:\/\/gerama.ch\/de\/wp-json\/wp\/v2\/estate_property"}],"about":[{"href":"https:\/\/gerama.ch\/de\/wp-json\/wp\/v2\/types\/estate_property"}],"replies":[{"embeddable":true,"href":"https:\/\/gerama.ch\/de\/wp-json\/wp\/v2\/comments?post=1322579"}],"wp:featuredmedia":[{"embeddable":true,"href":"https:\/\/gerama.ch\/de\/wp-json\/wp\/v2\/media\/1322580"}],"wp:attachment":[{"href":"https:\/\/gerama.ch\/de\/wp-json\/wp\/v2\/media?parent=1322579"}],"wp:term":[{"taxonomy":"property_category","embeddable":true,"href":"https:\/\/gerama.ch\/de\/wp-json\/wp\/v2\/property_category?post=1322579"},{"taxonomy":"property_action_category","embeddable":true,"href":"https:\/\/gerama.ch\/de\/wp-json\/wp\/v2\/property_action_category?post=1322579"},{"taxonomy":"property_city","embeddable":true,"href":"https:\/\/gerama.ch\/de\/wp-json\/wp\/v2\/property_city?post=1322579"},{"taxonomy":"property_area","embeddable":true,"href":"https:\/\/gerama.ch\/de\/wp-json\/wp\/v2\/property_area?post=1322579"},{"taxonomy":"property_county_state","embeddable":true,"href":"https:\/\/gerama.ch\/de\/wp-json\/wp\/v2\/property_county_state?post=1322579"},{"taxonomy":"property_features","embeddable":true,"href":"https:\/\/gerama.ch\/de\/wp-json\/wp\/v2\/property_features?post=1322579"},{"taxonomy":"property_status","embeddable":true,"href":"https:\/\/gerama.ch\/de\/wp-json\/wp\/v2\/property_status?post=1322579"}],"curies":[{"name":"wp","href":"https:\/\/api.w.org\/{rel}","templated":true}]}}