{"id":1324631,"date":"2026-05-01T00:06:34","date_gmt":"2026-04-30T22:06:34","guid":{"rendered":"https:\/\/gerama.ch\/estate_property\/01-001340-011601-de\/"},"modified":"2026-05-01T00:06:34","modified_gmt":"2026-04-30T22:06:34","slug":"01-001340-011601-de","status":"publish","type":"estate_property","link":"https:\/\/gerama.ch\/de\/estate_property-de\/01-001340-011601-de\/","title":{"rendered":"A saisir 2.5 pi\u00e8ces proche des commodit\u00e9s"},"content":{"rendered":"<p>L&#8217;immeuble se situe \u00e0 la Route de Villars-Vert 34 \u00e0 Villars-sur-Gl\u00e2ne et est proche de toutes commodit\u00e9s.<\/p>\n<p> Dans le logement vous trouverez:<\/p>\n<p> Hall d&#8217;entr\u00e9e avec armoires murales<br \/> Cuisine agenc\u00e9e<br \/> Salon<br \/> Chambre parquet<br \/> Salle de bains et WC<br \/> Balcon<\/p>\n<p> Die Liegenschaft befindet sich in der N\u00e4he der Bushaltestelle, vom Autobahnanschluss und Einkaufszentren.<br \/> Das Stadtzentrum errichen Sie innert 3 Fahrminuten.<\/p>\n<p> In der Wohnung finden Sie<br \/> Eingangsbereich<br \/> Ausgestattete K\u00fcche <br \/> Zimmer mit Parkett<br \/> Badezimmer mit Badewanne und WC<br \/> Balkon<\/p>\n","protected":false},"excerpt":{"rendered":"<p>L&#8217;immeuble se situe \u00e0 la Route de Villars-Vert 34 \u00e0 Villars-sur-Gl\u00e2ne et est proche de toutes commodit\u00e9s. Dans le logement vous trouverez: Hall d&#8217;entr\u00e9e avec armoires murales Cuisine agenc\u00e9e Salon Chambre parquet Salle de bains et WC Balcon Die Liegenschaft befindet sich in der N\u00e4he der Bushaltestelle, vom Autobahnanschluss und Einkaufszentren. Das Stadtzentrum errichen Sie innert 3 Fahrminuten. In der Wohnung finden Sie Eingangsbereich &#8230;<\/p>\n","protected":false},"featured_media":1324632,"comment_status":"closed","ping_status":"closed","template":"","property_category":[248],"property_action_category":[244],"property_city":[126],"property_area":[],"property_county_state":[1190],"property_features":[],"property_status":[],"class_list":["post-1324631","estate_property","type-estate_property","status-publish","has-post-thumbnail","hentry","property_category-wohnungen","property_action_category-mieten","property_city-villars-sur-glane","property_county_state-freiburg"],"yoast_head":"<!-- This site is optimized with the Yoast SEO plugin v27.5 - https:\/\/yoast.com\/product\/yoast-seo-wordpress\/ -->\n<title>A saisir 2.5 pi\u00e8ces proche des commodit\u00e9s &#8211; MIETEN Wohnungen &#8211; Villars-sur-Gl\u00e2ne &#8211; Freiburg &#8211; Gerama<\/title>\n<meta name=\"robots\" content=\"index, follow, max-snippet:-1, max-image-preview:large, max-video-preview:-1\" \/>\n<link rel=\"canonical\" href=\"https:\/\/gerama.ch\/de\/estate_property-de\/01-001340-011601-de\/\" \/>\n<meta property=\"og:locale\" content=\"de_DE\" \/>\n<meta property=\"og:type\" content=\"article\" \/>\n<meta property=\"og:title\" content=\"A saisir 2.5 pi\u00e8ces proche des commodit\u00e9s &#8211; MIETEN Wohnungen &#8211; Villars-sur-Gl\u00e2ne &#8211; Freiburg &#8211; Gerama\" \/>\n<meta property=\"og:description\" content=\"L&#8217;immeuble se situe \u00e0 la Route de Villars-Vert 34 \u00e0 Villars-sur-Gl\u00e2ne et est proche de toutes commodit\u00e9s. Dans le logement vous trouverez: Hall d&#8217;entr\u00e9e avec armoires murales Cuisine agenc\u00e9e Salon Chambre parquet Salle de bains et WC Balcon Die Liegenschaft befindet sich in der N\u00e4he der Bushaltestelle, vom Autobahnanschluss und Einkaufszentren. Das Stadtzentrum errichen Sie innert 3 Fahrminuten. In der Wohnung finden Sie Eingangsbereich ...\" \/>\n<meta property=\"og:url\" content=\"https:\/\/gerama.ch\/de\/estate_property-de\/01-001340-011601-de\/\" \/>\n<meta property=\"og:site_name\" content=\"Gerama\" \/>\n<meta property=\"article:publisher\" content=\"https:\/\/www.latest.facebook.com\/geramaag\/\" \/>\n<meta name=\"twitter:card\" content=\"summary_large_image\" \/>\n<script type=\"application\/ld+json\" class=\"yoast-schema-graph\">{\"@context\":\"https:\\\/\\\/schema.org\",\"@graph\":[{\"@type\":[\"WebPage\",\"RealEstateListing\"],\"@id\":\"https:\\\/\\\/gerama.ch\\\/de\\\/estate_property-de\\\/01-001340-011601-de\\\/\",\"url\":\"https:\\\/\\\/gerama.ch\\\/de\\\/estate_property-de\\\/01-001340-011601-de\\\/\",\"name\":\"A saisir 2.5 pi\u00e8ces proche des commodit\u00e9s &#8211; MIETEN Wohnungen &#8211; Villars-sur-Gl\u00e2ne &#8211; Freiburg &#8211; Gerama\",\"isPartOf\":{\"@id\":\"https:\\\/\\\/gerama.ch\\\/de\\\/#website\"},\"primaryImageOfPage\":{\"@id\":\"https:\\\/\\\/gerama.ch\\\/de\\\/estate_property-de\\\/01-001340-011601-de\\\/#primaryimage\"},\"image\":{\"@id\":\"https:\\\/\\\/gerama.ch\\\/de\\\/estate_property-de\\\/01-001340-011601-de\\\/#primaryimage\"},\"thumbnailUrl\":\"https:\\\/\\\/gerama.ch\\\/wp-content\\\/uploads\\\/2026\\\/05\\\/ff0000000035535035.jpg\",\"datePublished\":\"2026-04-30T22:06:34+00:00\",\"breadcrumb\":{\"@id\":\"https:\\\/\\\/gerama.ch\\\/de\\\/estate_property-de\\\/01-001340-011601-de\\\/#breadcrumb\"},\"inLanguage\":\"de\",\"potentialAction\":[{\"@type\":\"ReadAction\",\"target\":[\"https:\\\/\\\/gerama.ch\\\/de\\\/estate_property-de\\\/01-001340-011601-de\\\/\"]}]},{\"@type\":\"ImageObject\",\"inLanguage\":\"de\",\"@id\":\"https:\\\/\\\/gerama.ch\\\/de\\\/estate_property-de\\\/01-001340-011601-de\\\/#primaryimage\",\"url\":\"https:\\\/\\\/gerama.ch\\\/wp-content\\\/uploads\\\/2026\\\/05\\\/ff0000000035535035.jpg\",\"contentUrl\":\"https:\\\/\\\/gerama.ch\\\/wp-content\\\/uploads\\\/2026\\\/05\\\/ff0000000035535035.jpg\",\"width\":1500,\"height\":1125},{\"@type\":\"BreadcrumbList\",\"@id\":\"https:\\\/\\\/gerama.ch\\\/de\\\/estate_property-de\\\/01-001340-011601-de\\\/#breadcrumb\",\"itemListElement\":[{\"@type\":\"ListItem\",\"position\":1,\"name\":\"Accueil\",\"item\":\"https:\\\/\\\/gerama.ch\\\/de\\\/gerama-immobilien-freiburg-mieten-kaufen\\\/\"},{\"@type\":\"ListItem\",\"position\":2,\"name\":\"Eigenschaften\",\"item\":\"https:\\\/\\\/gerama.ch\\\/de\\\/estate_property-de\\\/\"},{\"@type\":\"ListItem\",\"position\":3,\"name\":\"A saisir 2.5 pi\u00e8ces proche des commodit\u00e9s\"}]},{\"@type\":\"WebSite\",\"@id\":\"https:\\\/\\\/gerama.ch\\\/de\\\/#website\",\"url\":\"https:\\\/\\\/gerama.ch\\\/de\\\/\",\"name\":\"Gerama\",\"description\":\"\",\"publisher\":{\"@id\":\"https:\\\/\\\/gerama.ch\\\/de\\\/#organization\"},\"potentialAction\":[{\"@type\":\"SearchAction\",\"target\":{\"@type\":\"EntryPoint\",\"urlTemplate\":\"https:\\\/\\\/gerama.ch\\\/de\\\/?s={search_term_string}\"},\"query-input\":{\"@type\":\"PropertyValueSpecification\",\"valueRequired\":true,\"valueName\":\"search_term_string\"}}],\"inLanguage\":\"de\"},{\"@type\":\"Organization\",\"@id\":\"https:\\\/\\\/gerama.ch\\\/de\\\/#organization\",\"name\":\"Gerama Immobilier Immobilien\",\"url\":\"https:\\\/\\\/gerama.ch\\\/de\\\/\",\"logo\":{\"@type\":\"ImageObject\",\"inLanguage\":\"de\",\"@id\":\"https:\\\/\\\/gerama.ch\\\/de\\\/#\\\/schema\\\/logo\\\/image\\\/\",\"url\":\"https:\\\/\\\/gerama.ch\\\/wp-content\\\/uploads\\\/2020\\\/05\\\/logoSmall.png\",\"contentUrl\":\"https:\\\/\\\/gerama.ch\\\/wp-content\\\/uploads\\\/2020\\\/05\\\/logoSmall.png\",\"width\":150,\"height\":74,\"caption\":\"Gerama Immobilier Immobilien\"},\"image\":{\"@id\":\"https:\\\/\\\/gerama.ch\\\/de\\\/#\\\/schema\\\/logo\\\/image\\\/\"},\"sameAs\":[\"https:\\\/\\\/www.latest.facebook.com\\\/geramaag\\\/\",\"https:\\\/\\\/www.youtube.com\\\/@geramaimmobilier3471\",\"https:\\\/\\\/www.linkedin.com\\\/company\\\/gerama\\\/posts\\\/?feedView=all\",\"https:\\\/\\\/www.instagram.com\\\/geramaimmobilier\\\/\"]}]}<\/script>\n<!-- \/ Yoast SEO plugin. -->","yoast_head_json":{"title":"A saisir 2.5 pi\u00e8ces proche des commodit\u00e9s &#8211; MIETEN Wohnungen &#8211; Villars-sur-Gl\u00e2ne &#8211; Freiburg &#8211; Gerama","robots":{"index":"index","follow":"follow","max-snippet":"max-snippet:-1","max-image-preview":"max-image-preview:large","max-video-preview":"max-video-preview:-1"},"canonical":"https:\/\/gerama.ch\/de\/estate_property-de\/01-001340-011601-de\/","og_locale":"de_DE","og_type":"article","og_title":"A saisir 2.5 pi\u00e8ces proche des commodit\u00e9s &#8211; MIETEN Wohnungen &#8211; Villars-sur-Gl\u00e2ne &#8211; Freiburg &#8211; Gerama","og_description":"L&#8217;immeuble se situe \u00e0 la Route de Villars-Vert 34 \u00e0 Villars-sur-Gl\u00e2ne et est proche de toutes commodit\u00e9s. Dans le logement vous trouverez: Hall d&#8217;entr\u00e9e avec armoires murales Cuisine agenc\u00e9e Salon Chambre parquet Salle de bains et WC Balcon Die Liegenschaft befindet sich in der N\u00e4he der Bushaltestelle, vom Autobahnanschluss und Einkaufszentren. Das Stadtzentrum errichen Sie innert 3 Fahrminuten. In der Wohnung finden Sie Eingangsbereich ...","og_url":"https:\/\/gerama.ch\/de\/estate_property-de\/01-001340-011601-de\/","og_site_name":"Gerama","article_publisher":"https:\/\/www.latest.facebook.com\/geramaag\/","twitter_card":"summary_large_image","schema":{"@context":"https:\/\/schema.org","@graph":[{"@type":["WebPage","RealEstateListing"],"@id":"https:\/\/gerama.ch\/de\/estate_property-de\/01-001340-011601-de\/","url":"https:\/\/gerama.ch\/de\/estate_property-de\/01-001340-011601-de\/","name":"A saisir 2.5 pi\u00e8ces proche des commodit\u00e9s &#8211; MIETEN Wohnungen &#8211; Villars-sur-Gl\u00e2ne &#8211; Freiburg &#8211; Gerama","isPartOf":{"@id":"https:\/\/gerama.ch\/de\/#website"},"primaryImageOfPage":{"@id":"https:\/\/gerama.ch\/de\/estate_property-de\/01-001340-011601-de\/#primaryimage"},"image":{"@id":"https:\/\/gerama.ch\/de\/estate_property-de\/01-001340-011601-de\/#primaryimage"},"thumbnailUrl":"https:\/\/gerama.ch\/wp-content\/uploads\/2026\/05\/ff0000000035535035.jpg","datePublished":"2026-04-30T22:06:34+00:00","breadcrumb":{"@id":"https:\/\/gerama.ch\/de\/estate_property-de\/01-001340-011601-de\/#breadcrumb"},"inLanguage":"de","potentialAction":[{"@type":"ReadAction","target":["https:\/\/gerama.ch\/de\/estate_property-de\/01-001340-011601-de\/"]}]},{"@type":"ImageObject","inLanguage":"de","@id":"https:\/\/gerama.ch\/de\/estate_property-de\/01-001340-011601-de\/#primaryimage","url":"https:\/\/gerama.ch\/wp-content\/uploads\/2026\/05\/ff0000000035535035.jpg","contentUrl":"https:\/\/gerama.ch\/wp-content\/uploads\/2026\/05\/ff0000000035535035.jpg","width":1500,"height":1125},{"@type":"BreadcrumbList","@id":"https:\/\/gerama.ch\/de\/estate_property-de\/01-001340-011601-de\/#breadcrumb","itemListElement":[{"@type":"ListItem","position":1,"name":"Accueil","item":"https:\/\/gerama.ch\/de\/gerama-immobilien-freiburg-mieten-kaufen\/"},{"@type":"ListItem","position":2,"name":"Eigenschaften","item":"https:\/\/gerama.ch\/de\/estate_property-de\/"},{"@type":"ListItem","position":3,"name":"A saisir 2.5 pi\u00e8ces proche des commodit\u00e9s"}]},{"@type":"WebSite","@id":"https:\/\/gerama.ch\/de\/#website","url":"https:\/\/gerama.ch\/de\/","name":"Gerama","description":"","publisher":{"@id":"https:\/\/gerama.ch\/de\/#organization"},"potentialAction":[{"@type":"SearchAction","target":{"@type":"EntryPoint","urlTemplate":"https:\/\/gerama.ch\/de\/?s={search_term_string}"},"query-input":{"@type":"PropertyValueSpecification","valueRequired":true,"valueName":"search_term_string"}}],"inLanguage":"de"},{"@type":"Organization","@id":"https:\/\/gerama.ch\/de\/#organization","name":"Gerama Immobilier Immobilien","url":"https:\/\/gerama.ch\/de\/","logo":{"@type":"ImageObject","inLanguage":"de","@id":"https:\/\/gerama.ch\/de\/#\/schema\/logo\/image\/","url":"https:\/\/gerama.ch\/wp-content\/uploads\/2020\/05\/logoSmall.png","contentUrl":"https:\/\/gerama.ch\/wp-content\/uploads\/2020\/05\/logoSmall.png","width":150,"height":74,"caption":"Gerama Immobilier Immobilien"},"image":{"@id":"https:\/\/gerama.ch\/de\/#\/schema\/logo\/image\/"},"sameAs":["https:\/\/www.latest.facebook.com\/geramaag\/","https:\/\/www.youtube.com\/@geramaimmobilier3471","https:\/\/www.linkedin.com\/company\/gerama\/posts\/?feedView=all","https:\/\/www.instagram.com\/geramaimmobilier\/"]}]}},"_links":{"self":[{"href":"https:\/\/gerama.ch\/de\/wp-json\/wp\/v2\/estate_property\/1324631","targetHints":{"allow":["GET"]}}],"collection":[{"href":"https:\/\/gerama.ch\/de\/wp-json\/wp\/v2\/estate_property"}],"about":[{"href":"https:\/\/gerama.ch\/de\/wp-json\/wp\/v2\/types\/estate_property"}],"replies":[{"embeddable":true,"href":"https:\/\/gerama.ch\/de\/wp-json\/wp\/v2\/comments?post=1324631"}],"wp:featuredmedia":[{"embeddable":true,"href":"https:\/\/gerama.ch\/de\/wp-json\/wp\/v2\/media\/1324632"}],"wp:attachment":[{"href":"https:\/\/gerama.ch\/de\/wp-json\/wp\/v2\/media?parent=1324631"}],"wp:term":[{"taxonomy":"property_category","embeddable":true,"href":"https:\/\/gerama.ch\/de\/wp-json\/wp\/v2\/property_category?post=1324631"},{"taxonomy":"property_action_category","embeddable":true,"href":"https:\/\/gerama.ch\/de\/wp-json\/wp\/v2\/property_action_category?post=1324631"},{"taxonomy":"property_city","embeddable":true,"href":"https:\/\/gerama.ch\/de\/wp-json\/wp\/v2\/property_city?post=1324631"},{"taxonomy":"property_area","embeddable":true,"href":"https:\/\/gerama.ch\/de\/wp-json\/wp\/v2\/property_area?post=1324631"},{"taxonomy":"property_county_state","embeddable":true,"href":"https:\/\/gerama.ch\/de\/wp-json\/wp\/v2\/property_county_state?post=1324631"},{"taxonomy":"property_features","embeddable":true,"href":"https:\/\/gerama.ch\/de\/wp-json\/wp\/v2\/property_features?post=1324631"},{"taxonomy":"property_status","embeddable":true,"href":"https:\/\/gerama.ch\/de\/wp-json\/wp\/v2\/property_status?post=1324631"}],"curies":[{"name":"wp","href":"https:\/\/api.w.org\/{rel}","templated":true}]}}