{"id":1336574,"date":"2026-07-18T00:30:14","date_gmt":"2026-07-17T22:30:14","guid":{"rendered":"https:\/\/gerama.ch\/estate_property\/01-001647-031001-de\/"},"modified":"2026-07-18T00:30:14","modified_gmt":"2026-07-17T22:30:14","slug":"01-001647-031001-de","status":"publish","type":"estate_property","link":"https:\/\/gerama.ch\/de\/estate_property-de\/01-001647-031001-de\/","title":{"rendered":"Charmante villa duplex de 3.5 pi\u00e8ces \u00e0 louer"},"content":{"rendered":"<p>\u00c0 louer, agr\u00e9able villa duplex de 3,5 pi\u00e8ces d\u2019une surface d\u2019environ 104 m\u00b2, offrant un cadre de vie chaleureux et confortable.<\/p>\n<p> Ce logement se compose comme suit :<br \/> &#8211; Une cuisine agenc\u00e9e ouverte et fonctionnelle<br \/> &#8211; Un s\u00e9jour lumineux, agr\u00e9ment\u00e9 d\u2019un po\u00eale ainsi que de belles poutres apparentes<br \/> &#8211; Deux chambres \u00e0 coucher avec parquet<br \/> &#8211; Une salle de bains avec douche<br \/> &#8211; Un espace d\u00e9di\u00e9 avec colonne de lavage<br \/> &#8211; Terrasse<br \/> &#8211; Balcon<br \/> &#8211; Cave<\/p>\n<p> Une place de parc ext\u00e9rieure ainsi qu\u2019une place de parc couverte sont disponibles et incluses dans le loyer.<\/p>\n<p> Cette villa duplex saura s\u00e9duire par son charme, ses volumes g\u00e9n\u00e9reux et son environnement agr\u00e9able. N\u2019h\u00e9sitez pas \u00e0 nous contacter pour de plus amples informations ou pour organiser une visite au 026 351 15 40.<\/p>\n<p> Zu vermieten: attraktive 3,5-Zimmer-Duplex Villa mit einer Wohnfl\u00e4che von ca. 104 m\u00b2, die ein warmes und komfortables Wohnambiente bietet.<\/p>\n<p> Die Wohnung pr\u00e4sentiert sich wie folgt:<br \/> &#8211; Offene und funktionelle Einbauk\u00fcche<br \/> &#8211; Helles Wohnzimmer mit einem gem\u00fctlichen Chemin\u00e9eofen sowie sch\u00f6nen sichtbaren Holzbalken<br \/> &#8211; Zwei Schlafzimmer mit Parkettboden<br \/> &#8211; Badezimmer mit Dusche<br \/> &#8211; Separater Bereich mit Waschturm<br \/> &#8211; Terrasse<br \/> &#8211; Balkon<br \/> &#8211; Keller<\/p>\n<p> Ein Aussenparkplatz sowie ein gedeckter Parkplatz stehen zur Verf\u00fcgung und sind im Mietzins inbegriffen.<\/p>\n<p> Diese Duplex Villa \u00fcberzeugt durch ihren besonderen Charme, die grossz\u00fcgigen Raumverh\u00e4ltnisse und die angenehme Wohnlage.<\/p>\n<p> F\u00fcr weitere Informationen oder zur Vereinbarung einer Besichtigung stehen wir Ihnen gerne unter der Telefonnummer 026 351 15 40 zur Verf\u00fcgung.<\/p>\n","protected":false},"excerpt":{"rendered":"<p>\u00c0 louer, agr\u00e9able villa duplex de 3,5 pi\u00e8ces d\u2019une surface d\u2019environ 104 m\u00b2, offrant un cadre de vie chaleureux et confortable. Ce logement se compose comme suit : &#8211; Une cuisine agenc\u00e9e ouverte et fonctionnelle &#8211; Un s\u00e9jour lumineux, agr\u00e9ment\u00e9 d\u2019un po\u00eale ainsi que de belles poutres apparentes &#8211; Deux chambres \u00e0 coucher avec parquet &#8211; Une salle de bains avec douche &#8211; Un &#8230;<\/p>\n","protected":false},"featured_media":1336575,"comment_status":"closed","ping_status":"closed","template":"","property_category":[253],"property_action_category":[244],"property_city":[1719],"property_area":[],"property_county_state":[1190],"property_features":[],"property_status":[],"class_list":["post-1336574","estate_property","type-estate_property","status-publish","has-post-thumbnail","hentry","property_category-hauser","property_action_category-mieten","property_city-villarsel-le-gibloux","property_county_state-freiburg"],"yoast_head":"<!-- This site is optimized with the Yoast SEO plugin v28.3 - https:\/\/yoast.com\/product\/yoast-seo-wordpress\/ -->\n<title>Charmante villa duplex de 3.5 pi\u00e8ces \u00e0 louer &#8211; MIETEN Haus &#8211; Villarsel-le-Gibloux &#8211; Freiburg &#8211; Gerama<\/title>\n<meta name=\"robots\" content=\"index, follow, max-snippet:-1, max-image-preview:large, max-video-preview:-1\" \/>\n<link rel=\"canonical\" href=\"https:\/\/gerama.ch\/de\/estate_property-de\/01-001647-031001-de\/\" \/>\n<meta property=\"og:locale\" content=\"de_DE\" \/>\n<meta property=\"og:type\" content=\"article\" \/>\n<meta property=\"og:title\" content=\"Charmante villa duplex de 3.5 pi\u00e8ces \u00e0 louer &#8211; MIETEN Haus &#8211; Villarsel-le-Gibloux &#8211; Freiburg &#8211; Gerama\" \/>\n<meta property=\"og:description\" content=\"\u00c0 louer, agr\u00e9able villa duplex de 3,5 pi\u00e8ces d\u2019une surface d\u2019environ 104 m\u00b2, offrant un cadre de vie chaleureux et confortable. Ce logement se compose comme suit : &#8211; Une cuisine agenc\u00e9e ouverte et fonctionnelle &#8211; Un s\u00e9jour lumineux, agr\u00e9ment\u00e9 d\u2019un po\u00eale ainsi que de belles poutres apparentes &#8211; Deux chambres \u00e0 coucher avec parquet &#8211; Une salle de bains avec douche &#8211; Un ...\" \/>\n<meta property=\"og:url\" content=\"https:\/\/gerama.ch\/de\/estate_property-de\/01-001647-031001-de\/\" \/>\n<meta property=\"og:site_name\" content=\"Gerama\" \/>\n<meta property=\"article:publisher\" content=\"https:\/\/www.latest.facebook.com\/geramaag\/\" \/>\n<meta name=\"twitter:card\" content=\"summary_large_image\" \/>\n<meta name=\"twitter:label1\" content=\"Gesch\u00e4tzte Lesezeit\" \/>\n\t<meta name=\"twitter:data1\" content=\"1\u00a0Minute\" \/>\n<script type=\"application\/ld+json\" class=\"yoast-schema-graph\">{\"@context\":\"https:\\\/\\\/schema.org\",\"@graph\":[{\"@type\":[\"WebPage\",\"RealEstateListing\"],\"@id\":\"https:\\\/\\\/gerama.ch\\\/de\\\/estate_property-de\\\/01-001647-031001-de\\\/\",\"url\":\"https:\\\/\\\/gerama.ch\\\/de\\\/estate_property-de\\\/01-001647-031001-de\\\/\",\"name\":\"Charmante villa duplex de 3.5 pi\u00e8ces \u00e0 louer &#8211; MIETEN Haus &#8211; Villarsel-le-Gibloux &#8211; Freiburg &#8211; Gerama\",\"isPartOf\":{\"@id\":\"https:\\\/\\\/gerama.ch\\\/de\\\/#website\"},\"primaryImageOfPage\":{\"@id\":\"https:\\\/\\\/gerama.ch\\\/de\\\/estate_property-de\\\/01-001647-031001-de\\\/#primaryimage\"},\"image\":{\"@id\":\"https:\\\/\\\/gerama.ch\\\/de\\\/estate_property-de\\\/01-001647-031001-de\\\/#primaryimage\"},\"thumbnailUrl\":\"https:\\\/\\\/gerama.ch\\\/wp-content\\\/uploads\\\/2026\\\/07\\\/ff0000000048167470.jpg\",\"datePublished\":\"2026-07-17T22:30:14+00:00\",\"breadcrumb\":{\"@id\":\"https:\\\/\\\/gerama.ch\\\/de\\\/estate_property-de\\\/01-001647-031001-de\\\/#breadcrumb\"},\"inLanguage\":\"de\",\"potentialAction\":[{\"@type\":\"ReadAction\",\"target\":[\"https:\\\/\\\/gerama.ch\\\/de\\\/estate_property-de\\\/01-001647-031001-de\\\/\"]}]},{\"@type\":\"ImageObject\",\"inLanguage\":\"de\",\"@id\":\"https:\\\/\\\/gerama.ch\\\/de\\\/estate_property-de\\\/01-001647-031001-de\\\/#primaryimage\",\"url\":\"https:\\\/\\\/gerama.ch\\\/wp-content\\\/uploads\\\/2026\\\/07\\\/ff0000000048167470.jpg\",\"contentUrl\":\"https:\\\/\\\/gerama.ch\\\/wp-content\\\/uploads\\\/2026\\\/07\\\/ff0000000048167470.jpg\",\"width\":1125,\"height\":1500},{\"@type\":\"BreadcrumbList\",\"@id\":\"https:\\\/\\\/gerama.ch\\\/de\\\/estate_property-de\\\/01-001647-031001-de\\\/#breadcrumb\",\"itemListElement\":[{\"@type\":\"ListItem\",\"position\":1,\"name\":\"Accueil\",\"item\":\"https:\\\/\\\/gerama.ch\\\/de\\\/gerama-immobilien-freiburg-mieten-kaufen\\\/\"},{\"@type\":\"ListItem\",\"position\":2,\"name\":\"Eigenschaften\",\"item\":\"https:\\\/\\\/gerama.ch\\\/de\\\/estate_property-de\\\/\"},{\"@type\":\"ListItem\",\"position\":3,\"name\":\"Charmante villa duplex de 3.5 pi\u00e8ces \u00e0 louer\"}]},{\"@type\":\"WebSite\",\"@id\":\"https:\\\/\\\/gerama.ch\\\/de\\\/#website\",\"url\":\"https:\\\/\\\/gerama.ch\\\/de\\\/\",\"name\":\"Gerama\",\"description\":\"\",\"publisher\":{\"@id\":\"https:\\\/\\\/gerama.ch\\\/de\\\/#organization\"},\"potentialAction\":[{\"@type\":\"SearchAction\",\"target\":{\"@type\":\"EntryPoint\",\"urlTemplate\":\"https:\\\/\\\/gerama.ch\\\/de\\\/?s={search_term_string}\"},\"query-input\":{\"@type\":\"PropertyValueSpecification\",\"valueRequired\":true,\"valueName\":\"search_term_string\"}}],\"inLanguage\":\"de\"},{\"@type\":\"Organization\",\"@id\":\"https:\\\/\\\/gerama.ch\\\/de\\\/#organization\",\"name\":\"Gerama Immobilier Immobilien\",\"url\":\"https:\\\/\\\/gerama.ch\\\/de\\\/\",\"logo\":{\"@type\":\"ImageObject\",\"inLanguage\":\"de\",\"@id\":\"https:\\\/\\\/gerama.ch\\\/de\\\/#\\\/schema\\\/logo\\\/image\\\/\",\"url\":\"https:\\\/\\\/gerama.ch\\\/wp-content\\\/uploads\\\/2020\\\/05\\\/logoSmall.png\",\"contentUrl\":\"https:\\\/\\\/gerama.ch\\\/wp-content\\\/uploads\\\/2020\\\/05\\\/logoSmall.png\",\"width\":150,\"height\":74,\"caption\":\"Gerama Immobilier Immobilien\"},\"image\":{\"@id\":\"https:\\\/\\\/gerama.ch\\\/de\\\/#\\\/schema\\\/logo\\\/image\\\/\"},\"sameAs\":[\"https:\\\/\\\/www.latest.facebook.com\\\/geramaag\\\/\",\"https:\\\/\\\/www.youtube.com\\\/@geramaimmobilier3471\",\"https:\\\/\\\/www.linkedin.com\\\/company\\\/gerama\\\/posts\\\/?feedView=all\",\"https:\\\/\\\/www.instagram.com\\\/geramaimmobilier\\\/\"]}]}<\/script>\n<!-- \/ Yoast SEO plugin. -->","yoast_head_json":{"title":"Charmante villa duplex de 3.5 pi\u00e8ces \u00e0 louer &#8211; MIETEN Haus &#8211; Villarsel-le-Gibloux &#8211; Freiburg &#8211; Gerama","robots":{"index":"index","follow":"follow","max-snippet":"max-snippet:-1","max-image-preview":"max-image-preview:large","max-video-preview":"max-video-preview:-1"},"canonical":"https:\/\/gerama.ch\/de\/estate_property-de\/01-001647-031001-de\/","og_locale":"de_DE","og_type":"article","og_title":"Charmante villa duplex de 3.5 pi\u00e8ces \u00e0 louer &#8211; MIETEN Haus &#8211; Villarsel-le-Gibloux &#8211; Freiburg &#8211; Gerama","og_description":"\u00c0 louer, agr\u00e9able villa duplex de 3,5 pi\u00e8ces d\u2019une surface d\u2019environ 104 m\u00b2, offrant un cadre de vie chaleureux et confortable. Ce logement se compose comme suit : &#8211; Une cuisine agenc\u00e9e ouverte et fonctionnelle &#8211; Un s\u00e9jour lumineux, agr\u00e9ment\u00e9 d\u2019un po\u00eale ainsi que de belles poutres apparentes &#8211; Deux chambres \u00e0 coucher avec parquet &#8211; Une salle de bains avec douche &#8211; Un ...","og_url":"https:\/\/gerama.ch\/de\/estate_property-de\/01-001647-031001-de\/","og_site_name":"Gerama","article_publisher":"https:\/\/www.latest.facebook.com\/geramaag\/","twitter_card":"summary_large_image","twitter_misc":{"Gesch\u00e4tzte Lesezeit":"1\u00a0Minute"},"schema":{"@context":"https:\/\/schema.org","@graph":[{"@type":["WebPage","RealEstateListing"],"@id":"https:\/\/gerama.ch\/de\/estate_property-de\/01-001647-031001-de\/","url":"https:\/\/gerama.ch\/de\/estate_property-de\/01-001647-031001-de\/","name":"Charmante villa duplex de 3.5 pi\u00e8ces \u00e0 louer &#8211; MIETEN Haus &#8211; Villarsel-le-Gibloux &#8211; Freiburg &#8211; Gerama","isPartOf":{"@id":"https:\/\/gerama.ch\/de\/#website"},"primaryImageOfPage":{"@id":"https:\/\/gerama.ch\/de\/estate_property-de\/01-001647-031001-de\/#primaryimage"},"image":{"@id":"https:\/\/gerama.ch\/de\/estate_property-de\/01-001647-031001-de\/#primaryimage"},"thumbnailUrl":"https:\/\/gerama.ch\/wp-content\/uploads\/2026\/07\/ff0000000048167470.jpg","datePublished":"2026-07-17T22:30:14+00:00","breadcrumb":{"@id":"https:\/\/gerama.ch\/de\/estate_property-de\/01-001647-031001-de\/#breadcrumb"},"inLanguage":"de","potentialAction":[{"@type":"ReadAction","target":["https:\/\/gerama.ch\/de\/estate_property-de\/01-001647-031001-de\/"]}]},{"@type":"ImageObject","inLanguage":"de","@id":"https:\/\/gerama.ch\/de\/estate_property-de\/01-001647-031001-de\/#primaryimage","url":"https:\/\/gerama.ch\/wp-content\/uploads\/2026\/07\/ff0000000048167470.jpg","contentUrl":"https:\/\/gerama.ch\/wp-content\/uploads\/2026\/07\/ff0000000048167470.jpg","width":1125,"height":1500},{"@type":"BreadcrumbList","@id":"https:\/\/gerama.ch\/de\/estate_property-de\/01-001647-031001-de\/#breadcrumb","itemListElement":[{"@type":"ListItem","position":1,"name":"Accueil","item":"https:\/\/gerama.ch\/de\/gerama-immobilien-freiburg-mieten-kaufen\/"},{"@type":"ListItem","position":2,"name":"Eigenschaften","item":"https:\/\/gerama.ch\/de\/estate_property-de\/"},{"@type":"ListItem","position":3,"name":"Charmante villa duplex de 3.5 pi\u00e8ces \u00e0 louer"}]},{"@type":"WebSite","@id":"https:\/\/gerama.ch\/de\/#website","url":"https:\/\/gerama.ch\/de\/","name":"Gerama","description":"","publisher":{"@id":"https:\/\/gerama.ch\/de\/#organization"},"potentialAction":[{"@type":"SearchAction","target":{"@type":"EntryPoint","urlTemplate":"https:\/\/gerama.ch\/de\/?s={search_term_string}"},"query-input":{"@type":"PropertyValueSpecification","valueRequired":true,"valueName":"search_term_string"}}],"inLanguage":"de"},{"@type":"Organization","@id":"https:\/\/gerama.ch\/de\/#organization","name":"Gerama Immobilier Immobilien","url":"https:\/\/gerama.ch\/de\/","logo":{"@type":"ImageObject","inLanguage":"de","@id":"https:\/\/gerama.ch\/de\/#\/schema\/logo\/image\/","url":"https:\/\/gerama.ch\/wp-content\/uploads\/2020\/05\/logoSmall.png","contentUrl":"https:\/\/gerama.ch\/wp-content\/uploads\/2020\/05\/logoSmall.png","width":150,"height":74,"caption":"Gerama Immobilier Immobilien"},"image":{"@id":"https:\/\/gerama.ch\/de\/#\/schema\/logo\/image\/"},"sameAs":["https:\/\/www.latest.facebook.com\/geramaag\/","https:\/\/www.youtube.com\/@geramaimmobilier3471","https:\/\/www.linkedin.com\/company\/gerama\/posts\/?feedView=all","https:\/\/www.instagram.com\/geramaimmobilier\/"]}]}},"_links":{"self":[{"href":"https:\/\/gerama.ch\/de\/wp-json\/wp\/v2\/estate_property\/1336574","targetHints":{"allow":["GET"]}}],"collection":[{"href":"https:\/\/gerama.ch\/de\/wp-json\/wp\/v2\/estate_property"}],"about":[{"href":"https:\/\/gerama.ch\/de\/wp-json\/wp\/v2\/types\/estate_property"}],"replies":[{"embeddable":true,"href":"https:\/\/gerama.ch\/de\/wp-json\/wp\/v2\/comments?post=1336574"}],"wp:featuredmedia":[{"embeddable":true,"href":"https:\/\/gerama.ch\/de\/wp-json\/wp\/v2\/media\/1336575"}],"wp:attachment":[{"href":"https:\/\/gerama.ch\/de\/wp-json\/wp\/v2\/media?parent=1336574"}],"wp:term":[{"taxonomy":"property_category","embeddable":true,"href":"https:\/\/gerama.ch\/de\/wp-json\/wp\/v2\/property_category?post=1336574"},{"taxonomy":"property_action_category","embeddable":true,"href":"https:\/\/gerama.ch\/de\/wp-json\/wp\/v2\/property_action_category?post=1336574"},{"taxonomy":"property_city","embeddable":true,"href":"https:\/\/gerama.ch\/de\/wp-json\/wp\/v2\/property_city?post=1336574"},{"taxonomy":"property_area","embeddable":true,"href":"https:\/\/gerama.ch\/de\/wp-json\/wp\/v2\/property_area?post=1336574"},{"taxonomy":"property_county_state","embeddable":true,"href":"https:\/\/gerama.ch\/de\/wp-json\/wp\/v2\/property_county_state?post=1336574"},{"taxonomy":"property_features","embeddable":true,"href":"https:\/\/gerama.ch\/de\/wp-json\/wp\/v2\/property_features?post=1336574"},{"taxonomy":"property_status","embeddable":true,"href":"https:\/\/gerama.ch\/de\/wp-json\/wp\/v2\/property_status?post=1336574"}],"curies":[{"name":"wp","href":"https:\/\/api.w.org\/{rel}","templated":true}]}}