{"id":1340493,"date":"2026-09-04T00:06:07","date_gmt":"2026-09-03T22:06:07","guid":{"rendered":"https:\/\/gerama.ch\/estate_property\/01-001314-011001-de\/"},"modified":"2026-09-04T00:06:07","modified_gmt":"2026-09-03T22:06:07","slug":"01-001314-011001-de","status":"publish","type":"estate_property","link":"https:\/\/gerama.ch\/de\/estate_property-de\/01-001314-011001-de\/","title":{"rendered":"Surface commerciale avec vitrine"},"content":{"rendered":"<p>Id\u00e9alement situ\u00e9e au rez-de-chauss\u00e9e d\u2019un immeuble au centre de Fribourg, cette surface commerciale b\u00e9n\u00e9ficie d\u2019un emplacement strat\u00e9gique avec vitrine sur rue et excellente visibilit\u00e9.<\/p>\n<p> La rue Saint-Pierre se situe dans un secteur cl\u00e9, assurant la liaison entre la gare et la vieille ville, dans une zone \u00e0 forte densit\u00e9 et tr\u00e8s fr\u00e9quent\u00e9e. Le Square des Places adjacent accueille pr\u00e8s de 9\u2019000 v\u00e9hicules par jour, offrant une excellente visibilit\u00e9 pour toute activit\u00e9 commerciale.<\/p>\n<p> D\u2019une surface d\u2019environ 332 m\u00b2, le local offre de beaux volumes lumineux, adapt\u00e9s \u00e0 diff\u00e9rentes activit\u00e9s commerciales, administratives ou de services.<\/p>\n<p> \u2022 Surface de 332 m\u00b2<br \/> \u2022 Rez-de-chauss\u00e9e<br \/> \u2022 Belle vitrine<br \/> \u2022 Surface lumineuse<br \/> \u2022 WC \u00e0 disposition<br \/> \u2022 Emplacement central et facilement accessible<\/p>\n<p> Disponible d\u00e8s le 01.01.2027<\/p>\n","protected":false},"excerpt":{"rendered":"<p>Id\u00e9alement situ\u00e9e au rez-de-chauss\u00e9e d\u2019un immeuble au centre de Fribourg, cette surface commerciale b\u00e9n\u00e9ficie d\u2019un emplacement strat\u00e9gique avec vitrine sur rue et excellente visibilit\u00e9. La rue Saint-Pierre se situe dans un secteur cl\u00e9, assurant la liaison entre la gare et la vieille ville, dans une zone \u00e0 forte densit\u00e9 et tr\u00e8s fr\u00e9quent\u00e9e. Le Square des Places adjacent accueille pr\u00e8s de 9\u2019000 v\u00e9hicules par jour, &#8230;<\/p>\n","protected":false},"featured_media":1340494,"comment_status":"closed","ping_status":"closed","template":"","property_category":[252],"property_action_category":[244],"property_city":[34],"property_area":[],"property_county_state":[1190],"property_features":[],"property_status":[],"class_list":["post-1340493","estate_property","type-estate_property","status-publish","has-post-thumbnail","hentry","property_category-gewerbe-bueros","property_action_category-mieten","property_city-fribourg","property_county_state-freiburg"],"yoast_head":"<!-- This site is optimized with the Yoast SEO plugin v28.3 - https:\/\/yoast.com\/product\/yoast-seo-wordpress\/ -->\n<title>Surface commerciale avec vitrine &#8211; MIETEN Gewerbe\/B\u00fcros &#8211; Fribourg &#8211; Freiburg &#8211; Gerama<\/title>\n<meta name=\"robots\" content=\"index, follow, max-snippet:-1, max-image-preview:large, max-video-preview:-1\" \/>\n<link rel=\"canonical\" href=\"https:\/\/gerama.ch\/de\/estate_property-de\/01-001314-011001-de\/\" \/>\n<meta property=\"og:locale\" content=\"de_DE\" \/>\n<meta property=\"og:type\" content=\"article\" \/>\n<meta property=\"og:title\" content=\"Surface commerciale avec vitrine &#8211; MIETEN Gewerbe\/B\u00fcros &#8211; Fribourg &#8211; Freiburg &#8211; Gerama\" \/>\n<meta property=\"og:description\" content=\"Id\u00e9alement situ\u00e9e au rez-de-chauss\u00e9e d\u2019un immeuble au centre de Fribourg, cette surface commerciale b\u00e9n\u00e9ficie d\u2019un emplacement strat\u00e9gique avec vitrine sur rue et excellente visibilit\u00e9. La rue Saint-Pierre se situe dans un secteur cl\u00e9, assurant la liaison entre la gare et la vieille ville, dans une zone \u00e0 forte densit\u00e9 et tr\u00e8s fr\u00e9quent\u00e9e. Le Square des Places adjacent accueille pr\u00e8s de 9\u2019000 v\u00e9hicules par jour, ...\" \/>\n<meta property=\"og:url\" content=\"https:\/\/gerama.ch\/de\/estate_property-de\/01-001314-011001-de\/\" \/>\n<meta property=\"og:site_name\" content=\"Gerama\" \/>\n<meta property=\"article:publisher\" content=\"https:\/\/www.latest.facebook.com\/geramaag\/\" \/>\n<meta name=\"twitter:card\" content=\"summary_large_image\" \/>\n<meta name=\"twitter:label1\" content=\"Gesch\u00e4tzte Lesezeit\" \/>\n\t<meta name=\"twitter:data1\" content=\"1\u00a0Minute\" \/>\n<script type=\"application\/ld+json\" class=\"yoast-schema-graph\">{\"@context\":\"https:\\\/\\\/schema.org\",\"@graph\":[{\"@type\":[\"WebPage\",\"RealEstateListing\"],\"@id\":\"https:\\\/\\\/gerama.ch\\\/de\\\/estate_property-de\\\/01-001314-011001-de\\\/\",\"url\":\"https:\\\/\\\/gerama.ch\\\/de\\\/estate_property-de\\\/01-001314-011001-de\\\/\",\"name\":\"Surface commerciale avec vitrine &#8211; MIETEN Gewerbe\\\/B\u00fcros &#8211; Fribourg &#8211; Freiburg &#8211; Gerama\",\"isPartOf\":{\"@id\":\"https:\\\/\\\/gerama.ch\\\/de\\\/#website\"},\"primaryImageOfPage\":{\"@id\":\"https:\\\/\\\/gerama.ch\\\/de\\\/estate_property-de\\\/01-001314-011001-de\\\/#primaryimage\"},\"image\":{\"@id\":\"https:\\\/\\\/gerama.ch\\\/de\\\/estate_property-de\\\/01-001314-011001-de\\\/#primaryimage\"},\"thumbnailUrl\":\"https:\\\/\\\/gerama.ch\\\/wp-content\\\/uploads\\\/2026\\\/09\\\/ff0000000049617090.jpg\",\"datePublished\":\"2026-09-03T22:06:07+00:00\",\"breadcrumb\":{\"@id\":\"https:\\\/\\\/gerama.ch\\\/de\\\/estate_property-de\\\/01-001314-011001-de\\\/#breadcrumb\"},\"inLanguage\":\"de\",\"potentialAction\":[{\"@type\":\"ReadAction\",\"target\":[\"https:\\\/\\\/gerama.ch\\\/de\\\/estate_property-de\\\/01-001314-011001-de\\\/\"]}]},{\"@type\":\"ImageObject\",\"inLanguage\":\"de\",\"@id\":\"https:\\\/\\\/gerama.ch\\\/de\\\/estate_property-de\\\/01-001314-011001-de\\\/#primaryimage\",\"url\":\"https:\\\/\\\/gerama.ch\\\/wp-content\\\/uploads\\\/2026\\\/09\\\/ff0000000049617090.jpg\",\"contentUrl\":\"https:\\\/\\\/gerama.ch\\\/wp-content\\\/uploads\\\/2026\\\/09\\\/ff0000000049617090.jpg\",\"width\":1500,\"height\":998},{\"@type\":\"BreadcrumbList\",\"@id\":\"https:\\\/\\\/gerama.ch\\\/de\\\/estate_property-de\\\/01-001314-011001-de\\\/#breadcrumb\",\"itemListElement\":[{\"@type\":\"ListItem\",\"position\":1,\"name\":\"Accueil\",\"item\":\"https:\\\/\\\/gerama.ch\\\/de\\\/gerama-immobilien-freiburg-mieten-kaufen\\\/\"},{\"@type\":\"ListItem\",\"position\":2,\"name\":\"Eigenschaften\",\"item\":\"https:\\\/\\\/gerama.ch\\\/de\\\/estate_property-de\\\/\"},{\"@type\":\"ListItem\",\"position\":3,\"name\":\"Surface commerciale avec vitrine\"}]},{\"@type\":\"WebSite\",\"@id\":\"https:\\\/\\\/gerama.ch\\\/de\\\/#website\",\"url\":\"https:\\\/\\\/gerama.ch\\\/de\\\/\",\"name\":\"Gerama\",\"description\":\"\",\"publisher\":{\"@id\":\"https:\\\/\\\/gerama.ch\\\/de\\\/#organization\"},\"potentialAction\":[{\"@type\":\"SearchAction\",\"target\":{\"@type\":\"EntryPoint\",\"urlTemplate\":\"https:\\\/\\\/gerama.ch\\\/de\\\/?s={search_term_string}\"},\"query-input\":{\"@type\":\"PropertyValueSpecification\",\"valueRequired\":true,\"valueName\":\"search_term_string\"}}],\"inLanguage\":\"de\"},{\"@type\":\"Organization\",\"@id\":\"https:\\\/\\\/gerama.ch\\\/de\\\/#organization\",\"name\":\"Gerama Immobilier Immobilien\",\"url\":\"https:\\\/\\\/gerama.ch\\\/de\\\/\",\"logo\":{\"@type\":\"ImageObject\",\"inLanguage\":\"de\",\"@id\":\"https:\\\/\\\/gerama.ch\\\/de\\\/#\\\/schema\\\/logo\\\/image\\\/\",\"url\":\"https:\\\/\\\/gerama.ch\\\/wp-content\\\/uploads\\\/2020\\\/05\\\/logoSmall.png\",\"contentUrl\":\"https:\\\/\\\/gerama.ch\\\/wp-content\\\/uploads\\\/2020\\\/05\\\/logoSmall.png\",\"width\":150,\"height\":74,\"caption\":\"Gerama Immobilier Immobilien\"},\"image\":{\"@id\":\"https:\\\/\\\/gerama.ch\\\/de\\\/#\\\/schema\\\/logo\\\/image\\\/\"},\"sameAs\":[\"https:\\\/\\\/www.latest.facebook.com\\\/geramaag\\\/\",\"https:\\\/\\\/www.youtube.com\\\/@geramaimmobilier3471\",\"https:\\\/\\\/www.linkedin.com\\\/company\\\/gerama\\\/posts\\\/?feedView=all\",\"https:\\\/\\\/www.instagram.com\\\/geramaimmobilier\\\/\"]}]}<\/script>\n<!-- \/ Yoast SEO plugin. -->","yoast_head_json":{"title":"Surface commerciale avec vitrine &#8211; MIETEN Gewerbe\/B\u00fcros &#8211; Fribourg &#8211; Freiburg &#8211; Gerama","robots":{"index":"index","follow":"follow","max-snippet":"max-snippet:-1","max-image-preview":"max-image-preview:large","max-video-preview":"max-video-preview:-1"},"canonical":"https:\/\/gerama.ch\/de\/estate_property-de\/01-001314-011001-de\/","og_locale":"de_DE","og_type":"article","og_title":"Surface commerciale avec vitrine &#8211; MIETEN Gewerbe\/B\u00fcros &#8211; Fribourg &#8211; Freiburg &#8211; Gerama","og_description":"Id\u00e9alement situ\u00e9e au rez-de-chauss\u00e9e d\u2019un immeuble au centre de Fribourg, cette surface commerciale b\u00e9n\u00e9ficie d\u2019un emplacement strat\u00e9gique avec vitrine sur rue et excellente visibilit\u00e9. La rue Saint-Pierre se situe dans un secteur cl\u00e9, assurant la liaison entre la gare et la vieille ville, dans une zone \u00e0 forte densit\u00e9 et tr\u00e8s fr\u00e9quent\u00e9e. Le Square des Places adjacent accueille pr\u00e8s de 9\u2019000 v\u00e9hicules par jour, ...","og_url":"https:\/\/gerama.ch\/de\/estate_property-de\/01-001314-011001-de\/","og_site_name":"Gerama","article_publisher":"https:\/\/www.latest.facebook.com\/geramaag\/","twitter_card":"summary_large_image","twitter_misc":{"Gesch\u00e4tzte Lesezeit":"1\u00a0Minute"},"schema":{"@context":"https:\/\/schema.org","@graph":[{"@type":["WebPage","RealEstateListing"],"@id":"https:\/\/gerama.ch\/de\/estate_property-de\/01-001314-011001-de\/","url":"https:\/\/gerama.ch\/de\/estate_property-de\/01-001314-011001-de\/","name":"Surface commerciale avec vitrine &#8211; MIETEN Gewerbe\/B\u00fcros &#8211; Fribourg &#8211; Freiburg &#8211; Gerama","isPartOf":{"@id":"https:\/\/gerama.ch\/de\/#website"},"primaryImageOfPage":{"@id":"https:\/\/gerama.ch\/de\/estate_property-de\/01-001314-011001-de\/#primaryimage"},"image":{"@id":"https:\/\/gerama.ch\/de\/estate_property-de\/01-001314-011001-de\/#primaryimage"},"thumbnailUrl":"https:\/\/gerama.ch\/wp-content\/uploads\/2026\/09\/ff0000000049617090.jpg","datePublished":"2026-09-03T22:06:07+00:00","breadcrumb":{"@id":"https:\/\/gerama.ch\/de\/estate_property-de\/01-001314-011001-de\/#breadcrumb"},"inLanguage":"de","potentialAction":[{"@type":"ReadAction","target":["https:\/\/gerama.ch\/de\/estate_property-de\/01-001314-011001-de\/"]}]},{"@type":"ImageObject","inLanguage":"de","@id":"https:\/\/gerama.ch\/de\/estate_property-de\/01-001314-011001-de\/#primaryimage","url":"https:\/\/gerama.ch\/wp-content\/uploads\/2026\/09\/ff0000000049617090.jpg","contentUrl":"https:\/\/gerama.ch\/wp-content\/uploads\/2026\/09\/ff0000000049617090.jpg","width":1500,"height":998},{"@type":"BreadcrumbList","@id":"https:\/\/gerama.ch\/de\/estate_property-de\/01-001314-011001-de\/#breadcrumb","itemListElement":[{"@type":"ListItem","position":1,"name":"Accueil","item":"https:\/\/gerama.ch\/de\/gerama-immobilien-freiburg-mieten-kaufen\/"},{"@type":"ListItem","position":2,"name":"Eigenschaften","item":"https:\/\/gerama.ch\/de\/estate_property-de\/"},{"@type":"ListItem","position":3,"name":"Surface commerciale avec vitrine"}]},{"@type":"WebSite","@id":"https:\/\/gerama.ch\/de\/#website","url":"https:\/\/gerama.ch\/de\/","name":"Gerama","description":"","publisher":{"@id":"https:\/\/gerama.ch\/de\/#organization"},"potentialAction":[{"@type":"SearchAction","target":{"@type":"EntryPoint","urlTemplate":"https:\/\/gerama.ch\/de\/?s={search_term_string}"},"query-input":{"@type":"PropertyValueSpecification","valueRequired":true,"valueName":"search_term_string"}}],"inLanguage":"de"},{"@type":"Organization","@id":"https:\/\/gerama.ch\/de\/#organization","name":"Gerama Immobilier Immobilien","url":"https:\/\/gerama.ch\/de\/","logo":{"@type":"ImageObject","inLanguage":"de","@id":"https:\/\/gerama.ch\/de\/#\/schema\/logo\/image\/","url":"https:\/\/gerama.ch\/wp-content\/uploads\/2020\/05\/logoSmall.png","contentUrl":"https:\/\/gerama.ch\/wp-content\/uploads\/2020\/05\/logoSmall.png","width":150,"height":74,"caption":"Gerama Immobilier Immobilien"},"image":{"@id":"https:\/\/gerama.ch\/de\/#\/schema\/logo\/image\/"},"sameAs":["https:\/\/www.latest.facebook.com\/geramaag\/","https:\/\/www.youtube.com\/@geramaimmobilier3471","https:\/\/www.linkedin.com\/company\/gerama\/posts\/?feedView=all","https:\/\/www.instagram.com\/geramaimmobilier\/"]}]}},"_links":{"self":[{"href":"https:\/\/gerama.ch\/de\/wp-json\/wp\/v2\/estate_property\/1340493","targetHints":{"allow":["GET"]}}],"collection":[{"href":"https:\/\/gerama.ch\/de\/wp-json\/wp\/v2\/estate_property"}],"about":[{"href":"https:\/\/gerama.ch\/de\/wp-json\/wp\/v2\/types\/estate_property"}],"replies":[{"embeddable":true,"href":"https:\/\/gerama.ch\/de\/wp-json\/wp\/v2\/comments?post=1340493"}],"wp:featuredmedia":[{"embeddable":true,"href":"https:\/\/gerama.ch\/de\/wp-json\/wp\/v2\/media\/1340494"}],"wp:attachment":[{"href":"https:\/\/gerama.ch\/de\/wp-json\/wp\/v2\/media?parent=1340493"}],"wp:term":[{"taxonomy":"property_category","embeddable":true,"href":"https:\/\/gerama.ch\/de\/wp-json\/wp\/v2\/property_category?post=1340493"},{"taxonomy":"property_action_category","embeddable":true,"href":"https:\/\/gerama.ch\/de\/wp-json\/wp\/v2\/property_action_category?post=1340493"},{"taxonomy":"property_city","embeddable":true,"href":"https:\/\/gerama.ch\/de\/wp-json\/wp\/v2\/property_city?post=1340493"},{"taxonomy":"property_area","embeddable":true,"href":"https:\/\/gerama.ch\/de\/wp-json\/wp\/v2\/property_area?post=1340493"},{"taxonomy":"property_county_state","embeddable":true,"href":"https:\/\/gerama.ch\/de\/wp-json\/wp\/v2\/property_county_state?post=1340493"},{"taxonomy":"property_features","embeddable":true,"href":"https:\/\/gerama.ch\/de\/wp-json\/wp\/v2\/property_features?post=1340493"},{"taxonomy":"property_status","embeddable":true,"href":"https:\/\/gerama.ch\/de\/wp-json\/wp\/v2\/property_status?post=1340493"}],"curies":[{"name":"wp","href":"https:\/\/api.w.org\/{rel}","templated":true}]}}